{"id":660,"date":"2024-07-14T18:48:11","date_gmt":"2024-07-14T16:48:11","guid":{"rendered":"https:\/\/enfantzatypiques.org\/?page_id=660"},"modified":"2024-08-01T14:22:47","modified_gmt":"2024-08-01T12:22:47","slug":"informations","status":"publish","type":"page","link":"https:\/\/enfantzatypiques.org\/index.php\/informations\/","title":{"rendered":"Informations"},"content":{"rendered":"\t\t<div data-elementor-type=\"wp-page\" data-elementor-id=\"660\" class=\"elementor elementor-660\">\n\t\t\t\t<div class=\"elementor-element elementor-element-1cc97d0 e-flex e-con-boxed e-con e-parent\" data-id=\"1cc97d0\" data-element_type=\"container\" data-e-type=\"container\">\n\t\t\t\t\t<div class=\"e-con-inner\">\n\t\t\t\t<div class=\"elementor-element elementor-element-9d39204 elementor-widget elementor-widget-text-editor\" data-id=\"9d39204\" data-element_type=\"widget\" data-e-type=\"widget\" data-widget_type=\"text-editor.default\">\n\t\t\t\t<div class=\"elementor-widget-container\">\n\t\t\t\t\t\t\t\t\t<p><img fetchpriority=\"high\" decoding=\"async\" class=\"alignnone size-large wp-image-1029\" src=\"http:\/\/enfantzatypiques.org\/wp-content\/uploads\/2024\/08\/Informations-parents-enfantzatypiques-1024x671.jpg\" alt=\"informations parents d'enfatzatypiques\" width=\"768\" height=\"503\" srcset=\"https:\/\/enfantzatypiques.org\/wp-content\/uploads\/2024\/08\/Informations-parents-enfantzatypiques-1024x671.jpg 1024w, https:\/\/enfantzatypiques.org\/wp-content\/uploads\/2024\/08\/Informations-parents-enfantzatypiques-300x197.jpg 300w, https:\/\/enfantzatypiques.org\/wp-content\/uploads\/2024\/08\/Informations-parents-enfantzatypiques-768x503.jpg 768w, https:\/\/enfantzatypiques.org\/wp-content\/uploads\/2024\/08\/Informations-parents-enfantzatypiques-200x131.jpg 200w, https:\/\/enfantzatypiques.org\/wp-content\/uploads\/2024\/08\/Informations-parents-enfantzatypiques.jpg 1071w\" sizes=\"(max-width: 768px) 100vw, 768px\" \/><\/p><p>En tant que parent, il peut \u00eatre d\u00e9concertant et parfois accablant de d\u00e9couvrir que son enfant est atypique, qu&rsquo;il s&rsquo;agisse de neurodiversit\u00e9, de troubles de l&rsquo;apprentissage, de troubles du spectre autistique, de TDAH ou d&rsquo;autres particularit\u00e9s. Cependant, il est important de savoir que vous n&rsquo;\u00eates pas seuls et qu&rsquo;il existe de nombreuses ressources et strat\u00e9gies pour aider votre enfant \u00e0 s&rsquo;\u00e9panouir. Voici quelques solutions que je peux vous proposer :<\/p>\t\t\t\t\t\t\t\t<\/div>\n\t\t\t\t<\/div>\n\t\t\t\t\t<\/div>\n\t\t\t\t<\/div>\n\t\t<div class=\"elementor-element elementor-element-fd580ef e-flex e-con-boxed e-con e-parent\" data-id=\"fd580ef\" data-element_type=\"container\" data-e-type=\"container\">\n\t\t\t\t\t<div class=\"e-con-inner\">\n\t\t\t\t<div class=\"elementor-element elementor-element-8a4d0a8 elementor-widget elementor-widget-text-editor\" data-id=\"8a4d0a8\" data-element_type=\"widget\" data-e-type=\"widget\" data-widget_type=\"text-editor.default\">\n\t\t\t\t<div class=\"elementor-widget-container\">\n\t\t\t\t\t\t\t\t\t<p>\u00a0<\/p><p><strong><em>Comprendre les Besoins de Votre Enfant<\/em><\/strong><\/p><p>Chaque enfant atypique est unique. Il est donc crucial de comprendre les sp\u00e9cificit\u00e9s des besoins de votre enfant. Ainsi une prise en charge personnalis\u00e9e et holistique peut se faire dans mon cabinet et nous pourrons travailler ensemble sur le chemin \u00e0 prendre.<\/p><p><strong><em>Collaboration avec les \u00c9ducateurs<\/em><\/strong><\/p><p>Il est \u00e9galement essentiel de travailler en \u00e9troite collaboration avec les enseignants, les \u00e9ducateurs de votre enfant. Leur expliquer ses besoins fondamentaux ainsi que ses difficult\u00e9s pourront l\u2019aider \u00e0 s\u2019\u00e9panouir.<\/p><p><strong><em>Th\u00e9rapies et Interventions Sp\u00e9cialis\u00e9es<\/em><\/strong><\/p><p>J\u2019utilise de nombreuses th\u00e9rapies et interventions dont votre enfant peut b\u00e9n\u00e9ficier :<\/p><ul><li>Pour les enfants ayant des troubles du spectre autistique ou des comportements probl\u00e9matiques, la th\u00e9rapie comportementale appliqu\u00e9e (TCA) peut \u00eatre tr\u00e8s efficace.<\/li><li>Pour les enfants avec des troubles du langage ou de la communication, j\u2019utilise diff\u00e9rents supports (ordinateur, tablette)<\/li><li>Pour aider les enfants rencontrant des difficult\u00e9s sensorielles ou motrices, le Brain gym ou l\u2019IMP peut les aider.<\/li><li>Pour aider les enfants avec des troubles de l\u2019attention, avec ou sans hyperactivit\u00e9, Neurofeedback EEGq pour les aider \u00e0 se connaitre et am\u00e9liorer leur quotidien.<\/li><li>Pour aider les enfants rencontrant des difficult\u00e9s de sommeil, le Biofeedback est un bon moyen de les aider \u00e0 mieux dormir et retrouver une s\u00e9r\u00e9nit\u00e9 \u00e9motionnelle et physique.<\/li><li>Pour les enfants avec des troubles anxieux ou des TOC, l\u2019EFT, la coh\u00e9rence cardiaque, la m\u00e9ditation, l\u2019hypnoth\u00e9rapie, sont des aides pr\u00e9cieuses.<\/li><\/ul>\t\t\t\t\t\t\t\t<\/div>\n\t\t\t\t<\/div>\n\t\t\t\t\t<\/div>\n\t\t\t\t<\/div>\n\t\t<div class=\"elementor-element elementor-element-884dba8 e-flex e-con-boxed e-con e-parent\" data-id=\"884dba8\" data-element_type=\"container\" data-e-type=\"container\">\n\t\t\t\t\t<div class=\"e-con-inner\">\n\t\t<div class=\"elementor-element elementor-element-151a21d e-con-full e-flex e-con e-child\" data-id=\"151a21d\" data-element_type=\"container\" data-e-type=\"container\">\n\t\t\t\t<div class=\"elementor-element elementor-element-be9f75f elementor-widget elementor-widget-image\" data-id=\"be9f75f\" data-element_type=\"widget\" data-e-type=\"widget\" data-widget_type=\"image.default\">\n\t\t\t\t<div class=\"elementor-widget-container\">\n\t\t\t\t\t\t\t\t\t\t\t\t\t\t\t<img decoding=\"async\" width=\"390\" height=\"540\" src=\"http:\/\/enfantzatypiques.org\/wp-content\/uploads\/2024\/07\/Les-parents-2.webp\" class=\"attachment-large size-large wp-image-669\" alt=\"\" srcset=\"http:\/\/enfantzatypiques.org\/wp-content\/uploads\/2024\/07\/Les-parents-2.webp 390w, http:\/\/enfantzatypiques.org\/wp-content\/uploads\/2024\/07\/Les-parents-2-217x300.webp 217w, http:\/\/enfantzatypiques.org\/wp-content\/uploads\/2024\/07\/Les-parents-2-200x277.webp 200w\" sizes=\"(max-width: 390px) 100vw, 390px\" \/>\t\t\t\t\t\t\t\t\t\t\t\t\t\t\t<\/div>\n\t\t\t\t<\/div>\n\t\t\t\t<\/div>\n\t\t<div class=\"elementor-element elementor-element-86aaa03 e-con-full e-flex e-con e-child\" data-id=\"86aaa03\" data-element_type=\"container\" data-e-type=\"container\">\n\t\t\t\t<div class=\"elementor-element elementor-element-2fac6b5 elementor-widget elementor-widget-text-editor\" data-id=\"2fac6b5\" data-element_type=\"widget\" data-e-type=\"widget\" data-widget_type=\"text-editor.default\">\n\t\t\t\t<div class=\"elementor-widget-container\">\n\t\t\t\t\t\t\t\t\t<ul><li>Pour les enfants multi Dys, toutes les th\u00e9rapies et les aides cit\u00e9es ci-dessus peuvent concourir \u00e0 leur apporter du bien \u00eatre quotidien.<\/li><\/ul><p><strong><em>Le soutien \u00e9motionnel est tout aussi important que le soutien \u00e9ducatif. <\/em><\/strong><\/p><p><strong><em>Groupes de Soutien pour vous, parents<\/em><\/strong><\/p><p>Je vous proposerais de rejoindre un groupe de soutien qui peut \u00eatre une source pr\u00e9cieuse d\u2019information et de r\u00e9confort. Partager des exp\u00e9riences et des strat\u00e9gies avec d\u2019autres parents peut vous donner de nouvelles perspectives et des solutions pratiques.<\/p><div id=\"gtx-trans\" style=\"position: absolute; left: -34px; top: -9.22396px;\"><div class=\"gtx-trans-icon\">\u00a0<\/div><\/div>\t\t\t\t\t\t\t\t<\/div>\n\t\t\t\t<\/div>\n\t\t\t\t<\/div>\n\t\t\t\t\t<\/div>\n\t\t\t\t<\/div>\n\t\t<div class=\"elementor-element elementor-element-4dd11b7 e-flex e-con-boxed e-con e-parent\" data-id=\"4dd11b7\" data-element_type=\"container\" data-e-type=\"container\">\n\t\t\t\t\t<div class=\"e-con-inner\">\n\t\t\t\t<div class=\"elementor-element elementor-element-890b7a6 elementor-widget elementor-widget-text-editor\" data-id=\"890b7a6\" data-element_type=\"widget\" data-e-type=\"widget\" data-widget_type=\"text-editor.default\">\n\t\t\t\t<div class=\"elementor-widget-container\">\n\t\t\t\t\t\t\t\t\t<p><strong><em>Utilisation de la Technologie<\/em><\/strong><\/p><p>La technologie peut \u00eatre un outil puissant pour aider votre enfant. Des applications \u00e9ducatives (Poppins), des dispositifs (r\u00e9unions ou webinaires) de soutien peuvent faciliter l&rsquo;apprentissage et la communication.<\/p>\t\t\t\t\t\t\t\t<\/div>\n\t\t\t\t<\/div>\n\t\t\t\t\t<\/div>\n\t\t\t\t<\/div>\n\t\t<div class=\"elementor-element elementor-element-0e5aa1f e-flex e-con-boxed e-con e-parent\" data-id=\"0e5aa1f\" data-element_type=\"container\" data-e-type=\"container\">\n\t\t\t\t\t<div class=\"e-con-inner\">\n\t\t<div class=\"elementor-element elementor-element-81a8631 e-con-full e-flex e-con e-child\" data-id=\"81a8631\" data-element_type=\"container\" data-e-type=\"container\">\n\t\t\t\t<div class=\"elementor-element elementor-element-d50614b elementor-widget elementor-widget-image\" data-id=\"d50614b\" data-element_type=\"widget\" data-e-type=\"widget\" data-widget_type=\"image.default\">\n\t\t\t\t<div class=\"elementor-widget-container\">\n\t\t\t\t\t\t\t\t\t\t\t\t\t\t\t<img decoding=\"async\" width=\"498\" height=\"755\" src=\"http:\/\/enfantzatypiques.org\/wp-content\/uploads\/2024\/07\/Les-parents-1.webp\" class=\"attachment-large size-large wp-image-670\" alt=\"\" srcset=\"http:\/\/enfantzatypiques.org\/wp-content\/uploads\/2024\/07\/Les-parents-1.webp 498w, http:\/\/enfantzatypiques.org\/wp-content\/uploads\/2024\/07\/Les-parents-1-198x300.webp 198w, http:\/\/enfantzatypiques.org\/wp-content\/uploads\/2024\/07\/Les-parents-1-200x303.webp 200w\" sizes=\"(max-width: 498px) 100vw, 498px\" \/>\t\t\t\t\t\t\t\t\t\t\t\t\t\t\t<\/div>\n\t\t\t\t<\/div>\n\t\t\t\t<\/div>\n\t\t<div class=\"elementor-element elementor-element-8be8680 e-con-full e-flex e-con e-child\" data-id=\"8be8680\" data-element_type=\"container\" data-e-type=\"container\">\n\t\t\t\t<div class=\"elementor-element elementor-element-2f4f2bf elementor-widget elementor-widget-text-editor\" data-id=\"2f4f2bf\" data-element_type=\"widget\" data-e-type=\"widget\" data-widget_type=\"text-editor.default\">\n\t\t\t\t<div class=\"elementor-widget-container\">\n\t\t\t\t\t\t\t\t\t<p><strong><em>Adapter l\u2019Environnement<\/em><\/strong><\/p><p>Cr\u00e9er un environnement qui r\u00e9pond aux besoins sp\u00e9cifiques de votre enfant peut faire une grande diff\u00e9rence. Cela peut inclure des routines structur\u00e9es, des espaces calmes pour se d\u00e9tendre, et des outils sensoriels pour les enfants ayant des troubles sensoriels. Nous y travaillerons ensemble, je vous donnerai tous les outils n\u00e9cessaires pour le bien \u00eatre de votre enfant et le v\u00f4tre.<\/p><p><strong><em>Encourager les Int\u00e9r\u00eats et les Talents<\/em><\/strong><\/p><p>Tous les enfants ont des talents uniques et des int\u00e9r\u00eats particuliers. Encourager et soutenir ses passions peut renforcer la confiance en soi de votre enfant et offrir des opportunit\u00e9s d&rsquo;apprentissage enrichissantes.<\/p><div id=\"gtx-trans\" style=\"position: absolute; left: -26px; top: -9.22396px;\"><div class=\"gtx-trans-icon\">\u00a0<\/div><\/div>\t\t\t\t\t\t\t\t<\/div>\n\t\t\t\t<\/div>\n\t\t\t\t<\/div>\n\t\t\t\t\t<\/div>\n\t\t\t\t<\/div>\n\t\t<div class=\"elementor-element elementor-element-31d4ea4 e-flex e-con-boxed e-con e-parent\" data-id=\"31d4ea4\" data-element_type=\"container\" data-e-type=\"container\">\n\t\t\t\t\t<div class=\"e-con-inner\">\n\t\t\t\t<div class=\"elementor-element elementor-element-a8c6e4b elementor-widget elementor-widget-text-editor\" data-id=\"a8c6e4b\" data-element_type=\"widget\" data-e-type=\"widget\" data-widget_type=\"text-editor.default\">\n\t\t\t\t<div class=\"elementor-widget-container\">\n\t\t\t\t\t\t\t\t\t<h4 style=\"text-align: center;\"><em><strong>\u00c9lever un enfant pr\u00e9sente des d\u00e9fis uniques, mais aussi des opportunit\u00e9s incroyables pour la croissance et l&rsquo;apprentissage. En \u00e9tant bien inform\u00e9, en utilisant les ressources disponibles et en travaillant ensemble, vous pouvez aider votre enfant \u00e0 s&rsquo;\u00e9panouir pleinement.<\/strong><\/em><\/h4>\t\t\t\t\t\t\t\t<\/div>\n\t\t\t\t<\/div>\n\t\t\t\t\t<\/div>\n\t\t\t\t<\/div>\n\t\t<div class=\"elementor-element elementor-element-659c543 e-flex e-con-boxed e-con e-parent\" data-id=\"659c543\" data-element_type=\"container\" data-e-type=\"container\">\n\t\t\t\t\t<div class=\"e-con-inner\">\n\t\t\t\t<div class=\"elementor-element elementor-element-5677ad8 elementor-widget elementor-widget-text-editor\" data-id=\"5677ad8\" data-element_type=\"widget\" data-e-type=\"widget\" data-widget_type=\"text-editor.default\">\n\t\t\t\t<div class=\"elementor-widget-container\">\n\t\t\t\t\t\t\t\t\t<h4><span style=\"color: #ff0000;\"><strong>Rappelez-vous, votre amour et votre soutien inconditionnels sont les plus grands atouts de votre enfant dans ce voyage<\/strong>.<\/span><\/h4>\t\t\t\t\t\t\t\t<\/div>\n\t\t\t\t<\/div>\n\t\t\t\t\t<\/div>\n\t\t\t\t<\/div>\n\t\t\t\t<\/div>\n\t\t","protected":false},"excerpt":{"rendered":"<p>En tant que parent, il peut \u00eatre d\u00e9concertant et parfois accablant de d\u00e9couvrir que son enfant est atypique, qu&rsquo;il s&rsquo;agisse de neurodiversit\u00e9, de troubles de l&rsquo;apprentissage, de troubles du spectre autistique, de TDAH ou d&rsquo;autres particularit\u00e9s. Cependant, il est important de savoir que vous n&rsquo;\u00eates pas seuls et qu&rsquo;il existe de nombreuses ressources et strat\u00e9gies [&hellip;]<\/p>\n","protected":false},"author":2,"featured_media":0,"parent":0,"menu_order":0,"comment_status":"closed","ping_status":"closed","template":"","meta":{"_eb_attr":"","footnotes":""},"class_list":["post-660","page","type-page","status-publish","hentry"],"yoast_head":"<!-- This site is optimized with the Yoast SEO plugin v27.4 - https:\/\/yoast.com\/product\/yoast-seo-wordpress\/ -->\n<title>Informations - Les enfantZatypiques<\/title>\n<meta name=\"robots\" content=\"index, follow, max-snippet:-1, max-image-preview:large, max-video-preview:-1\" \/>\n<link rel=\"canonical\" href=\"http:\/\/enfantzatypiques.org\/index.php\/informations\/\" \/>\n<meta property=\"og:locale\" content=\"fr_FR\" \/>\n<meta property=\"og:type\" content=\"article\" \/>\n<meta property=\"og:title\" content=\"Informations - Les enfantZatypiques\" \/>\n<meta property=\"og:description\" content=\"En tant que parent, il peut \u00eatre d\u00e9concertant et parfois accablant de d\u00e9couvrir que son enfant est atypique, qu&rsquo;il s&rsquo;agisse de neurodiversit\u00e9, de troubles de l&rsquo;apprentissage, de troubles du spectre autistique, de TDAH ou d&rsquo;autres particularit\u00e9s. Cependant, il est important de savoir que vous n&rsquo;\u00eates pas seuls et qu&rsquo;il existe de nombreuses ressources et strat\u00e9gies [&hellip;]\" \/>\n<meta property=\"og:url\" content=\"http:\/\/enfantzatypiques.org\/index.php\/informations\/\" \/>\n<meta property=\"og:site_name\" content=\"Les enfantZatypiques\" \/>\n<meta property=\"article:modified_time\" content=\"2024-08-01T12:22:47+00:00\" \/>\n<meta property=\"og:image\" content=\"http:\/\/enfantzatypiques.org\/wp-content\/uploads\/2024\/08\/Informations-parents-enfantzatypiques-1024x671.jpg\" \/>\n<meta name=\"twitter:card\" content=\"summary_large_image\" \/>\n<meta name=\"twitter:label1\" content=\"Dur\u00e9e de lecture estim\u00e9e\" \/>\n\t<meta name=\"twitter:data1\" content=\"4 minutes\" \/>\n<script type=\"application\/ld+json\" class=\"yoast-schema-graph\">{\"@context\":\"https:\\\/\\\/schema.org\",\"@graph\":[{\"@type\":\"WebPage\",\"@id\":\"http:\\\/\\\/enfantzatypiques.org\\\/index.php\\\/informations\\\/\",\"url\":\"http:\\\/\\\/enfantzatypiques.org\\\/index.php\\\/informations\\\/\",\"name\":\"Informations - Les enfantZatypiques\",\"isPartOf\":{\"@id\":\"http:\\\/\\\/enfantzatypiques.org\\\/#website\"},\"primaryImageOfPage\":{\"@id\":\"http:\\\/\\\/enfantzatypiques.org\\\/index.php\\\/informations\\\/#primaryimage\"},\"image\":{\"@id\":\"http:\\\/\\\/enfantzatypiques.org\\\/index.php\\\/informations\\\/#primaryimage\"},\"thumbnailUrl\":\"http:\\\/\\\/enfantzatypiques.org\\\/wp-content\\\/uploads\\\/2024\\\/08\\\/Informations-parents-enfantzatypiques-1024x671.jpg\",\"datePublished\":\"2024-07-14T16:48:11+00:00\",\"dateModified\":\"2024-08-01T12:22:47+00:00\",\"breadcrumb\":{\"@id\":\"http:\\\/\\\/enfantzatypiques.org\\\/index.php\\\/informations\\\/#breadcrumb\"},\"inLanguage\":\"fr-FR\",\"potentialAction\":[{\"@type\":\"ReadAction\",\"target\":[\"http:\\\/\\\/enfantzatypiques.org\\\/index.php\\\/informations\\\/\"]}]},{\"@type\":\"ImageObject\",\"inLanguage\":\"fr-FR\",\"@id\":\"http:\\\/\\\/enfantzatypiques.org\\\/index.php\\\/informations\\\/#primaryimage\",\"url\":\"https:\\\/\\\/enfantzatypiques.org\\\/wp-content\\\/uploads\\\/2024\\\/08\\\/Informations-parents-enfantzatypiques.jpg\",\"contentUrl\":\"https:\\\/\\\/enfantzatypiques.org\\\/wp-content\\\/uploads\\\/2024\\\/08\\\/Informations-parents-enfantzatypiques.jpg\",\"width\":1071,\"height\":702,\"caption\":\"informations parents d'enfatzatypiques\"},{\"@type\":\"BreadcrumbList\",\"@id\":\"http:\\\/\\\/enfantzatypiques.org\\\/index.php\\\/informations\\\/#breadcrumb\",\"itemListElement\":[{\"@type\":\"ListItem\",\"position\":1,\"name\":\"Accueil\",\"item\":\"http:\\\/\\\/enfantzatypiques.org\\\/\"},{\"@type\":\"ListItem\",\"position\":2,\"name\":\"Informations\"}]},{\"@type\":\"WebSite\",\"@id\":\"http:\\\/\\\/enfantzatypiques.org\\\/#website\",\"url\":\"http:\\\/\\\/enfantzatypiques.org\\\/\",\"name\":\"Les enfantZatypiques\",\"description\":\"Comment soigner les enfants atypiques ?\",\"publisher\":{\"@id\":\"http:\\\/\\\/enfantzatypiques.org\\\/#\\\/schema\\\/person\\\/8c2673b14bbe39f5978d3c9c517dfebd\"},\"potentialAction\":[{\"@type\":\"SearchAction\",\"target\":{\"@type\":\"EntryPoint\",\"urlTemplate\":\"http:\\\/\\\/enfantzatypiques.org\\\/?s={search_term_string}\"},\"query-input\":{\"@type\":\"PropertyValueSpecification\",\"valueRequired\":true,\"valueName\":\"search_term_string\"}}],\"inLanguage\":\"fr-FR\"},{\"@type\":[\"Person\",\"Organization\"],\"@id\":\"http:\\\/\\\/enfantzatypiques.org\\\/#\\\/schema\\\/person\\\/8c2673b14bbe39f5978d3c9c517dfebd\",\"name\":\"St\u00e9phanie Fr\u00e9chin\",\"image\":{\"@type\":\"ImageObject\",\"inLanguage\":\"fr-FR\",\"@id\":\"https:\\\/\\\/enfantzatypiques.org\\\/wp-content\\\/uploads\\\/2024\\\/07\\\/cropped-logo-stephanie-frechin.jpg\",\"url\":\"https:\\\/\\\/enfantzatypiques.org\\\/wp-content\\\/uploads\\\/2024\\\/07\\\/cropped-logo-stephanie-frechin.jpg\",\"contentUrl\":\"https:\\\/\\\/enfantzatypiques.org\\\/wp-content\\\/uploads\\\/2024\\\/07\\\/cropped-logo-stephanie-frechin.jpg\",\"width\":512,\"height\":512,\"caption\":\"St\u00e9phanie Fr\u00e9chin\"},\"logo\":{\"@id\":\"https:\\\/\\\/enfantzatypiques.org\\\/wp-content\\\/uploads\\\/2024\\\/07\\\/cropped-logo-stephanie-frechin.jpg\"},\"sameAs\":[\"http:\\\/\\\/www.enfantzatypiques.com\"]}]}<\/script>\n<!-- \/ Yoast SEO plugin. -->","yoast_head_json":{"title":"Informations - Les enfantZatypiques","robots":{"index":"index","follow":"follow","max-snippet":"max-snippet:-1","max-image-preview":"max-image-preview:large","max-video-preview":"max-video-preview:-1"},"canonical":"http:\/\/enfantzatypiques.org\/index.php\/informations\/","og_locale":"fr_FR","og_type":"article","og_title":"Informations - Les enfantZatypiques","og_description":"En tant que parent, il peut \u00eatre d\u00e9concertant et parfois accablant de d\u00e9couvrir que son enfant est atypique, qu&rsquo;il s&rsquo;agisse de neurodiversit\u00e9, de troubles de l&rsquo;apprentissage, de troubles du spectre autistique, de TDAH ou d&rsquo;autres particularit\u00e9s. Cependant, il est important de savoir que vous n&rsquo;\u00eates pas seuls et qu&rsquo;il existe de nombreuses ressources et strat\u00e9gies [&hellip;]","og_url":"http:\/\/enfantzatypiques.org\/index.php\/informations\/","og_site_name":"Les enfantZatypiques","article_modified_time":"2024-08-01T12:22:47+00:00","og_image":[{"url":"http:\/\/enfantzatypiques.org\/wp-content\/uploads\/2024\/08\/Informations-parents-enfantzatypiques-1024x671.jpg","type":"","width":"","height":""}],"twitter_card":"summary_large_image","twitter_misc":{"Dur\u00e9e de lecture estim\u00e9e":"4 minutes"},"schema":{"@context":"https:\/\/schema.org","@graph":[{"@type":"WebPage","@id":"http:\/\/enfantzatypiques.org\/index.php\/informations\/","url":"http:\/\/enfantzatypiques.org\/index.php\/informations\/","name":"Informations - Les enfantZatypiques","isPartOf":{"@id":"http:\/\/enfantzatypiques.org\/#website"},"primaryImageOfPage":{"@id":"http:\/\/enfantzatypiques.org\/index.php\/informations\/#primaryimage"},"image":{"@id":"http:\/\/enfantzatypiques.org\/index.php\/informations\/#primaryimage"},"thumbnailUrl":"http:\/\/enfantzatypiques.org\/wp-content\/uploads\/2024\/08\/Informations-parents-enfantzatypiques-1024x671.jpg","datePublished":"2024-07-14T16:48:11+00:00","dateModified":"2024-08-01T12:22:47+00:00","breadcrumb":{"@id":"http:\/\/enfantzatypiques.org\/index.php\/informations\/#breadcrumb"},"inLanguage":"fr-FR","potentialAction":[{"@type":"ReadAction","target":["http:\/\/enfantzatypiques.org\/index.php\/informations\/"]}]},{"@type":"ImageObject","inLanguage":"fr-FR","@id":"http:\/\/enfantzatypiques.org\/index.php\/informations\/#primaryimage","url":"https:\/\/enfantzatypiques.org\/wp-content\/uploads\/2024\/08\/Informations-parents-enfantzatypiques.jpg","contentUrl":"https:\/\/enfantzatypiques.org\/wp-content\/uploads\/2024\/08\/Informations-parents-enfantzatypiques.jpg","width":1071,"height":702,"caption":"informations parents d'enfatzatypiques"},{"@type":"BreadcrumbList","@id":"http:\/\/enfantzatypiques.org\/index.php\/informations\/#breadcrumb","itemListElement":[{"@type":"ListItem","position":1,"name":"Accueil","item":"http:\/\/enfantzatypiques.org\/"},{"@type":"ListItem","position":2,"name":"Informations"}]},{"@type":"WebSite","@id":"http:\/\/enfantzatypiques.org\/#website","url":"http:\/\/enfantzatypiques.org\/","name":"Les enfantZatypiques","description":"Comment soigner les enfants atypiques ?","publisher":{"@id":"http:\/\/enfantzatypiques.org\/#\/schema\/person\/8c2673b14bbe39f5978d3c9c517dfebd"},"potentialAction":[{"@type":"SearchAction","target":{"@type":"EntryPoint","urlTemplate":"http:\/\/enfantzatypiques.org\/?s={search_term_string}"},"query-input":{"@type":"PropertyValueSpecification","valueRequired":true,"valueName":"search_term_string"}}],"inLanguage":"fr-FR"},{"@type":["Person","Organization"],"@id":"http:\/\/enfantzatypiques.org\/#\/schema\/person\/8c2673b14bbe39f5978d3c9c517dfebd","name":"St\u00e9phanie Fr\u00e9chin","image":{"@type":"ImageObject","inLanguage":"fr-FR","@id":"https:\/\/enfantzatypiques.org\/wp-content\/uploads\/2024\/07\/cropped-logo-stephanie-frechin.jpg","url":"https:\/\/enfantzatypiques.org\/wp-content\/uploads\/2024\/07\/cropped-logo-stephanie-frechin.jpg","contentUrl":"https:\/\/enfantzatypiques.org\/wp-content\/uploads\/2024\/07\/cropped-logo-stephanie-frechin.jpg","width":512,"height":512,"caption":"St\u00e9phanie Fr\u00e9chin"},"logo":{"@id":"https:\/\/enfantzatypiques.org\/wp-content\/uploads\/2024\/07\/cropped-logo-stephanie-frechin.jpg"},"sameAs":["http:\/\/www.enfantzatypiques.com"]}]}},"_links":{"self":[{"href":"https:\/\/enfantzatypiques.org\/index.php\/wp-json\/wp\/v2\/pages\/660","targetHints":{"allow":["GET"]}}],"collection":[{"href":"https:\/\/enfantzatypiques.org\/index.php\/wp-json\/wp\/v2\/pages"}],"about":[{"href":"https:\/\/enfantzatypiques.org\/index.php\/wp-json\/wp\/v2\/types\/page"}],"author":[{"embeddable":true,"href":"https:\/\/enfantzatypiques.org\/index.php\/wp-json\/wp\/v2\/users\/2"}],"replies":[{"embeddable":true,"href":"https:\/\/enfantzatypiques.org\/index.php\/wp-json\/wp\/v2\/comments?post=660"}],"version-history":[{"count":22,"href":"https:\/\/enfantzatypiques.org\/index.php\/wp-json\/wp\/v2\/pages\/660\/revisions"}],"predecessor-version":[{"id":1080,"href":"https:\/\/enfantzatypiques.org\/index.php\/wp-json\/wp\/v2\/pages\/660\/revisions\/1080"}],"wp:attachment":[{"href":"https:\/\/enfantzatypiques.org\/index.php\/wp-json\/wp\/v2\/media?parent=660"}],"curies":[{"name":"wp","href":"https:\/\/api.w.org\/{rel}","templated":true}]}}