{"id":613,"date":"2024-07-14T14:59:44","date_gmt":"2024-07-14T12:59:44","guid":{"rendered":"https:\/\/enfantzatypiques.org\/?page_id=613"},"modified":"2024-07-26T08:34:09","modified_gmt":"2024-07-26T06:34:09","slug":"formation-et-sensibilisasion","status":"publish","type":"page","link":"https:\/\/enfantzatypiques.org\/index.php\/formation-et-sensibilisasion\/","title":{"rendered":"Formation et sensibilisasion"},"content":{"rendered":"\t\t<div data-elementor-type=\"wp-page\" data-elementor-id=\"613\" class=\"elementor elementor-613\">\n\t\t\t\t<div class=\"elementor-element elementor-element-44341de e-flex e-con-boxed e-con e-parent\" data-id=\"44341de\" data-element_type=\"container\" data-e-type=\"container\">\n\t\t\t\t\t<div class=\"e-con-inner\">\n\t\t\t\t<div class=\"elementor-element elementor-element-309b14c elementor-widget elementor-widget-text-editor\" data-id=\"309b14c\" data-element_type=\"widget\" data-e-type=\"widget\" data-widget_type=\"text-editor.default\">\n\t\t\t\t<div class=\"elementor-widget-container\">\n\t\t\t\t\t\t\t\t\t<h4 style=\"text-align: center;\"><strong><em>Afin de pouvoir aider les enfants \u00e0 besoins sp\u00e9cifiques, il est important que nous soyons une \u00e9quipe<\/em><\/strong>.<\/h4>\t\t\t\t\t\t\t\t<\/div>\n\t\t\t\t<\/div>\n\t\t\t\t\t<\/div>\n\t\t\t\t<\/div>\n\t\t<div class=\"elementor-element elementor-element-38fc236 e-flex e-con-boxed e-con e-parent\" data-id=\"38fc236\" data-element_type=\"container\" data-e-type=\"container\">\n\t\t\t\t\t<div class=\"e-con-inner\">\n\t\t\t\t<div class=\"elementor-element elementor-element-fc13f2b elementor-widget elementor-widget-text-editor\" data-id=\"fc13f2b\" data-element_type=\"widget\" data-e-type=\"widget\" data-widget_type=\"text-editor.default\">\n\t\t\t\t<div class=\"elementor-widget-container\">\n\t\t\t\t\t\t\t\t\t<p>Une approche multidimensionnelle qui comprend des ateliers aux approches diff\u00e9rentes, des cas pratiques mais surtout des suivis et du soutien continu.<\/p><p><img fetchpriority=\"high\" decoding=\"async\" class=\"alignnone size-large wp-image-866\" src=\"http:\/\/enfantzatypiques.org\/wp-content\/uploads\/2024\/07\/2024-07-26-08_14_24-formations-et-sensibilisation-pour-les-enseignants-3-1024x687.jpg\" alt=\"\" width=\"768\" height=\"515\" srcset=\"https:\/\/enfantzatypiques.org\/wp-content\/uploads\/2024\/07\/2024-07-26-08_14_24-formations-et-sensibilisation-pour-les-enseignants-3-1024x687.jpg 1024w, https:\/\/enfantzatypiques.org\/wp-content\/uploads\/2024\/07\/2024-07-26-08_14_24-formations-et-sensibilisation-pour-les-enseignants-3-300x201.jpg 300w, https:\/\/enfantzatypiques.org\/wp-content\/uploads\/2024\/07\/2024-07-26-08_14_24-formations-et-sensibilisation-pour-les-enseignants-3-768x515.jpg 768w, https:\/\/enfantzatypiques.org\/wp-content\/uploads\/2024\/07\/2024-07-26-08_14_24-formations-et-sensibilisation-pour-les-enseignants-3-200x134.jpg 200w, https:\/\/enfantzatypiques.org\/wp-content\/uploads\/2024\/07\/2024-07-26-08_14_24-formations-et-sensibilisation-pour-les-enseignants-3.jpg 1101w\" sizes=\"(max-width: 768px) 100vw, 768px\" \/><\/p><p>\u00a0<\/p><p><strong><em><u>Exp\u00e9riences Pratiques et Immersives<\/u><\/em><\/strong><\/p><ul><li>Des conf\u00e9rences sur la compr\u00e9hension de la neurodiversit\u00e9 des troubles du d\u00e9veloppement et les besoins de ces enfants, pourraient vous aider \u00e0 mettre en \u0153uvre des strat\u00e9gies dans vos classes.<\/li><li>Des ateliers, des conf\u00e9rences, des Webinaires sur les diff\u00e9rentes facettes des enfants atypiques, afin de pouvoir les comprendre et les accompagner.<\/li><li>Je peux me d\u00e9placer dans vos classes et nous pourrions mettre en place ensemble des activit\u00e9s adapt\u00e9es \u00e0 chaque enfant.<\/li><li>Des cas pratiques pourraient vous aider dans votre quotidien.<\/li><\/ul><p><strong><em><u>Rencontres avec les familles et les th\u00e9rapeutes<\/u><\/em><\/strong><\/p><ul><li>Une invitation dans vos classes avec les parents et es enfants atypiques \u00e0 partager leurs exp\u00e9riences et leurs d\u00e9fis quotidiens pourrait permettre d\u2019aider \u00e0 r\u00e9soudre des probl\u00e9matiques et \u00e0 sensibiliser davantage les besoins de chacun.<\/li><li>L\u2019organisation de discussion avec les familles, les professionnels de la sant\u00e9, pour \u00e9changer des id\u00e9es et des bonnes pratiques pourraient vous aider \u00e0 l\u2019\u00e9laboration de vos journ\u00e9es.<\/li><\/ul><p><strong><em><u>Ressources \u00c9ducatives et Informatives<\/u><\/em><\/strong><\/p><ul><li>Je vous fournirai des kits de sensibilisation contenant des livres, des articles, des guides pratiques, et des ressources en ligne sur la neurodiversit\u00e9 et les strat\u00e9gies p\u00e9dagogiques adapt\u00e9es.<\/li><li>Des vid\u00e9os en ligne o\u00f9 vous pourrez acc\u00e9der \u00e0 des webinaires, des vid\u00e9os \u00e9ducatives.<\/li><li>Le blog ou le forum peuvent vous donner des clefs suppl\u00e9mentaires.<\/li><\/ul><p><strong><em><u>Ateliers Pratiques et Interactifs<\/u><\/em><\/strong><\/p><p>Des ateliers o\u00f9 vous pourrez participer \u00e0 des activit\u00e9s pratiques et des simulations pour mieux comprendre les d\u00e9fis sensoriels, comportementaux, et d\u2019apprentissage des enfants.<\/p><p><img decoding=\"async\" class=\"alignnone size-large wp-image-868\" src=\"http:\/\/enfantzatypiques.org\/wp-content\/uploads\/2024\/07\/2024-07-26-08_15_22-formations-et-sensibilisation-pour-les-enseignants-3--1024x681.jpg\" alt=\"\" width=\"768\" height=\"511\" srcset=\"https:\/\/enfantzatypiques.org\/wp-content\/uploads\/2024\/07\/2024-07-26-08_15_22-formations-et-sensibilisation-pour-les-enseignants-3--1024x681.jpg 1024w, https:\/\/enfantzatypiques.org\/wp-content\/uploads\/2024\/07\/2024-07-26-08_15_22-formations-et-sensibilisation-pour-les-enseignants-3--300x200.jpg 300w, https:\/\/enfantzatypiques.org\/wp-content\/uploads\/2024\/07\/2024-07-26-08_15_22-formations-et-sensibilisation-pour-les-enseignants-3--768x511.jpg 768w, https:\/\/enfantzatypiques.org\/wp-content\/uploads\/2024\/07\/2024-07-26-08_15_22-formations-et-sensibilisation-pour-les-enseignants-3--200x133.jpg 200w, https:\/\/enfantzatypiques.org\/wp-content\/uploads\/2024\/07\/2024-07-26-08_15_22-formations-et-sensibilisation-pour-les-enseignants-3-.jpg 1034w\" sizes=\"(max-width: 768px) 100vw, 768px\" \/><\/p><ul><li>J\u2019utilise des jeux de r\u00f4le pour vous permettre de vous mettre \u00e0 la place des enfants atypiques et de mieux comprendre leurs perspectives et leurs besoins.<\/li><li>Vous pourrez pratiquer sur des mat\u00e9riels didactiques et des supports diff\u00e9rents au niveau sensoriel et acad\u00e9mique.<\/li><\/ul><p><strong><em><u>Coaching<\/u><\/em><\/strong><\/p><ul><li>Je mets en place des programmes de coaching o\u00f9 vous pourrez exp\u00e9riment\u00e9s avec du mat\u00e9riel, des contenus didactiques pour vous guider et vous soutenir.<\/li><li>Je vous propose \u00e9galement des sessions de coaching personnalis\u00e9 sur diff\u00e9rents th\u00e8mes\u00a0: la neurodiversit\u00e9, la gestion des \u00e9motions, pour vous aider \u00e0 d\u00e9velopper des comp\u00e9tences sp\u00e9cifiques et \u00e0 r\u00e9soudre des d\u00e9fis concrets au quotidien.<\/li><\/ul><p><strong><em><u>Sensibilisation \u00e0 votre Bien-\u00eatre <\/u><\/em><\/strong><\/p><ul><li>Des formations sur l\u2019aide \u00e0 la gestion des \u00e9motions pour vous aider \u00e0 maintenir un environnement de classe calme et favorable.<\/li><li>\u00c9galement l\u2019apprentissage de techniques de pleine conscience, de relaxation, de jeux que vous pourrez utiliser dans votre environnement.<\/li><li>Des techniques sur la gestion du stress et le bien \u00eatre personnel pour vous permettre de pratiquer votre m\u00e9tier sereinement gr\u00e2ce \u00e0 des m\u00e9thodes telles que l\u2019EFT, le Biofeedback ou la coh\u00e9rence cardiaque.<\/li><\/ul>\t\t\t\t\t\t\t\t<\/div>\n\t\t\t\t<\/div>\n\t\t\t\t\t<\/div>\n\t\t\t\t<\/div>\n\t\t<div class=\"elementor-element elementor-element-cff9c11 e-flex e-con-boxed e-con e-parent\" data-id=\"cff9c11\" data-element_type=\"container\" data-e-type=\"container\">\n\t\t\t\t\t<div class=\"e-con-inner\">\n\t\t\t\t<div class=\"elementor-element elementor-element-bb1914d elementor-widget elementor-widget-text-editor\" data-id=\"bb1914d\" data-element_type=\"widget\" data-e-type=\"widget\" data-widget_type=\"text-editor.default\">\n\t\t\t\t<div class=\"elementor-widget-container\">\n\t\t\t\t\t\t\t\t\t<h4><em><strong>La sensibilisation aux besoins des enfants atypiques n\u00e9cessite une approche holistique et continue<\/strong>.<\/em><\/h4>\t\t\t\t\t\t\t\t<\/div>\n\t\t\t\t<\/div>\n\t\t\t\t\t<\/div>\n\t\t\t\t<\/div>\n\t\t<div class=\"elementor-element elementor-element-b722afd e-flex e-con-boxed e-con e-parent\" data-id=\"b722afd\" data-element_type=\"container\" data-e-type=\"container\">\n\t\t\t\t\t<div class=\"e-con-inner\">\n\t\t\t\t<div class=\"elementor-element elementor-element-37c982f elementor-widget elementor-widget-text-editor\" data-id=\"37c982f\" data-element_type=\"widget\" data-e-type=\"widget\" data-widget_type=\"text-editor.default\">\n\t\t\t\t<div class=\"elementor-widget-container\">\n\t\t\t\t\t\t\t\t\t<p>En combinant des formations th\u00e9oriques, des exp\u00e9riences pratiques, des ressources informatives, et un soutien constant, nous pouvons cr\u00e9er un environnement \u00e9ducatif inclusif et bienveillant o\u00f9 chaque enfant a la possibilit\u00e9 de s\u2019\u00e9panouir pleinement.<\/p><p>N\u2019h\u00e9sitez pas \u00e0 me contacter pour de plus amples renseignements afin que nous \u00e9tablissions, ensemble, un protocole d\u2019accompagnement personnalis\u00e9.<\/p>\t\t\t\t\t\t\t\t<\/div>\n\t\t\t\t<\/div>\n\t\t\t\t\t<\/div>\n\t\t\t\t<\/div>\n\t\t\t\t<\/div>\n\t\t","protected":false},"excerpt":{"rendered":"<p>Afin de pouvoir aider les enfants \u00e0 besoins sp\u00e9cifiques, il est important que nous soyons une \u00e9quipe. Une approche multidimensionnelle qui comprend des ateliers aux approches diff\u00e9rentes, des cas pratiques mais surtout des suivis et du soutien continu. \u00a0 Exp\u00e9riences Pratiques et Immersives Des conf\u00e9rences sur la compr\u00e9hension de la neurodiversit\u00e9 des troubles du d\u00e9veloppement [&hellip;]<\/p>\n","protected":false},"author":2,"featured_media":0,"parent":0,"menu_order":0,"comment_status":"closed","ping_status":"closed","template":"","meta":{"_eb_attr":"","footnotes":""},"class_list":["post-613","page","type-page","status-publish","hentry"],"yoast_head":"<!-- This site is optimized with the Yoast SEO plugin v27.5 - https:\/\/yoast.com\/product\/yoast-seo-wordpress\/ -->\n<title>Formation et sensibilisasion - Les enfantZatypiques<\/title>\n<meta name=\"robots\" content=\"index, follow, max-snippet:-1, max-image-preview:large, max-video-preview:-1\" \/>\n<link rel=\"canonical\" href=\"https:\/\/enfantzatypiques.org\/index.php\/formation-et-sensibilisasion\/\" \/>\n<meta property=\"og:locale\" content=\"fr_FR\" \/>\n<meta property=\"og:type\" content=\"article\" \/>\n<meta property=\"og:title\" content=\"Formation et sensibilisasion - Les enfantZatypiques\" \/>\n<meta property=\"og:description\" content=\"Afin de pouvoir aider les enfants \u00e0 besoins sp\u00e9cifiques, il est important que nous soyons une \u00e9quipe. Une approche multidimensionnelle qui comprend des ateliers aux approches diff\u00e9rentes, des cas pratiques mais surtout des suivis et du soutien continu. \u00a0 Exp\u00e9riences Pratiques et Immersives Des conf\u00e9rences sur la compr\u00e9hension de la neurodiversit\u00e9 des troubles du d\u00e9veloppement [&hellip;]\" \/>\n<meta property=\"og:url\" content=\"https:\/\/enfantzatypiques.org\/index.php\/formation-et-sensibilisasion\/\" \/>\n<meta property=\"og:site_name\" content=\"Les enfantZatypiques\" \/>\n<meta property=\"article:modified_time\" content=\"2024-07-26T06:34:09+00:00\" \/>\n<meta property=\"og:image\" content=\"http:\/\/enfantzatypiques.org\/wp-content\/uploads\/2024\/07\/2024-07-26-08_14_24-formations-et-sensibilisation-pour-les-enseignants-3-1024x687.jpg\" \/>\n<meta name=\"twitter:card\" content=\"summary_large_image\" \/>\n<meta name=\"twitter:label1\" content=\"Dur\u00e9e de lecture estim\u00e9e\" \/>\n\t<meta name=\"twitter:data1\" content=\"4 minutes\" \/>\n<script type=\"application\/ld+json\" class=\"yoast-schema-graph\">{\"@context\":\"https:\\\/\\\/schema.org\",\"@graph\":[{\"@type\":\"WebPage\",\"@id\":\"https:\\\/\\\/enfantzatypiques.org\\\/index.php\\\/formation-et-sensibilisasion\\\/\",\"url\":\"https:\\\/\\\/enfantzatypiques.org\\\/index.php\\\/formation-et-sensibilisasion\\\/\",\"name\":\"Formation et sensibilisasion - Les enfantZatypiques\",\"isPartOf\":{\"@id\":\"http:\\\/\\\/enfantzatypiques.org\\\/#website\"},\"primaryImageOfPage\":{\"@id\":\"https:\\\/\\\/enfantzatypiques.org\\\/index.php\\\/formation-et-sensibilisasion\\\/#primaryimage\"},\"image\":{\"@id\":\"https:\\\/\\\/enfantzatypiques.org\\\/index.php\\\/formation-et-sensibilisasion\\\/#primaryimage\"},\"thumbnailUrl\":\"http:\\\/\\\/enfantzatypiques.org\\\/wp-content\\\/uploads\\\/2024\\\/07\\\/2024-07-26-08_14_24-formations-et-sensibilisation-pour-les-enseignants-3-1024x687.jpg\",\"datePublished\":\"2024-07-14T12:59:44+00:00\",\"dateModified\":\"2024-07-26T06:34:09+00:00\",\"breadcrumb\":{\"@id\":\"https:\\\/\\\/enfantzatypiques.org\\\/index.php\\\/formation-et-sensibilisasion\\\/#breadcrumb\"},\"inLanguage\":\"fr-FR\",\"potentialAction\":[{\"@type\":\"ReadAction\",\"target\":[\"https:\\\/\\\/enfantzatypiques.org\\\/index.php\\\/formation-et-sensibilisasion\\\/\"]}]},{\"@type\":\"ImageObject\",\"inLanguage\":\"fr-FR\",\"@id\":\"https:\\\/\\\/enfantzatypiques.org\\\/index.php\\\/formation-et-sensibilisasion\\\/#primaryimage\",\"url\":\"https:\\\/\\\/enfantzatypiques.org\\\/wp-content\\\/uploads\\\/2024\\\/07\\\/2024-07-26-08_14_24-formations-et-sensibilisation-pour-les-enseignants-3.jpg\",\"contentUrl\":\"https:\\\/\\\/enfantzatypiques.org\\\/wp-content\\\/uploads\\\/2024\\\/07\\\/2024-07-26-08_14_24-formations-et-sensibilisation-pour-les-enseignants-3.jpg\",\"width\":1101,\"height\":739},{\"@type\":\"BreadcrumbList\",\"@id\":\"https:\\\/\\\/enfantzatypiques.org\\\/index.php\\\/formation-et-sensibilisasion\\\/#breadcrumb\",\"itemListElement\":[{\"@type\":\"ListItem\",\"position\":1,\"name\":\"Accueil\",\"item\":\"http:\\\/\\\/enfantzatypiques.org\\\/\"},{\"@type\":\"ListItem\",\"position\":2,\"name\":\"Formation et sensibilisasion\"}]},{\"@type\":\"WebSite\",\"@id\":\"http:\\\/\\\/enfantzatypiques.org\\\/#website\",\"url\":\"http:\\\/\\\/enfantzatypiques.org\\\/\",\"name\":\"Les enfantZatypiques\",\"description\":\"Comment soigner les enfants atypiques ?\",\"publisher\":{\"@id\":\"http:\\\/\\\/enfantzatypiques.org\\\/#\\\/schema\\\/person\\\/8c2673b14bbe39f5978d3c9c517dfebd\"},\"potentialAction\":[{\"@type\":\"SearchAction\",\"target\":{\"@type\":\"EntryPoint\",\"urlTemplate\":\"http:\\\/\\\/enfantzatypiques.org\\\/?s={search_term_string}\"},\"query-input\":{\"@type\":\"PropertyValueSpecification\",\"valueRequired\":true,\"valueName\":\"search_term_string\"}}],\"inLanguage\":\"fr-FR\"},{\"@type\":[\"Person\",\"Organization\"],\"@id\":\"http:\\\/\\\/enfantzatypiques.org\\\/#\\\/schema\\\/person\\\/8c2673b14bbe39f5978d3c9c517dfebd\",\"name\":\"St\u00e9phanie Fr\u00e9chin\",\"image\":{\"@type\":\"ImageObject\",\"inLanguage\":\"fr-FR\",\"@id\":\"https:\\\/\\\/enfantzatypiques.org\\\/wp-content\\\/uploads\\\/2024\\\/07\\\/cropped-logo-stephanie-frechin.jpg\",\"url\":\"https:\\\/\\\/enfantzatypiques.org\\\/wp-content\\\/uploads\\\/2024\\\/07\\\/cropped-logo-stephanie-frechin.jpg\",\"contentUrl\":\"https:\\\/\\\/enfantzatypiques.org\\\/wp-content\\\/uploads\\\/2024\\\/07\\\/cropped-logo-stephanie-frechin.jpg\",\"width\":512,\"height\":512,\"caption\":\"St\u00e9phanie Fr\u00e9chin\"},\"logo\":{\"@id\":\"https:\\\/\\\/enfantzatypiques.org\\\/wp-content\\\/uploads\\\/2024\\\/07\\\/cropped-logo-stephanie-frechin.jpg\"},\"sameAs\":[\"http:\\\/\\\/www.enfantzatypiques.com\"]}]}<\/script>\n<!-- \/ Yoast SEO plugin. -->","yoast_head_json":{"title":"Formation et sensibilisasion - Les enfantZatypiques","robots":{"index":"index","follow":"follow","max-snippet":"max-snippet:-1","max-image-preview":"max-image-preview:large","max-video-preview":"max-video-preview:-1"},"canonical":"https:\/\/enfantzatypiques.org\/index.php\/formation-et-sensibilisasion\/","og_locale":"fr_FR","og_type":"article","og_title":"Formation et sensibilisasion - Les enfantZatypiques","og_description":"Afin de pouvoir aider les enfants \u00e0 besoins sp\u00e9cifiques, il est important que nous soyons une \u00e9quipe. Une approche multidimensionnelle qui comprend des ateliers aux approches diff\u00e9rentes, des cas pratiques mais surtout des suivis et du soutien continu. \u00a0 Exp\u00e9riences Pratiques et Immersives Des conf\u00e9rences sur la compr\u00e9hension de la neurodiversit\u00e9 des troubles du d\u00e9veloppement [&hellip;]","og_url":"https:\/\/enfantzatypiques.org\/index.php\/formation-et-sensibilisasion\/","og_site_name":"Les enfantZatypiques","article_modified_time":"2024-07-26T06:34:09+00:00","og_image":[{"url":"http:\/\/enfantzatypiques.org\/wp-content\/uploads\/2024\/07\/2024-07-26-08_14_24-formations-et-sensibilisation-pour-les-enseignants-3-1024x687.jpg","type":"","width":"","height":""}],"twitter_card":"summary_large_image","twitter_misc":{"Dur\u00e9e de lecture estim\u00e9e":"4 minutes"},"schema":{"@context":"https:\/\/schema.org","@graph":[{"@type":"WebPage","@id":"https:\/\/enfantzatypiques.org\/index.php\/formation-et-sensibilisasion\/","url":"https:\/\/enfantzatypiques.org\/index.php\/formation-et-sensibilisasion\/","name":"Formation et sensibilisasion - Les enfantZatypiques","isPartOf":{"@id":"http:\/\/enfantzatypiques.org\/#website"},"primaryImageOfPage":{"@id":"https:\/\/enfantzatypiques.org\/index.php\/formation-et-sensibilisasion\/#primaryimage"},"image":{"@id":"https:\/\/enfantzatypiques.org\/index.php\/formation-et-sensibilisasion\/#primaryimage"},"thumbnailUrl":"http:\/\/enfantzatypiques.org\/wp-content\/uploads\/2024\/07\/2024-07-26-08_14_24-formations-et-sensibilisation-pour-les-enseignants-3-1024x687.jpg","datePublished":"2024-07-14T12:59:44+00:00","dateModified":"2024-07-26T06:34:09+00:00","breadcrumb":{"@id":"https:\/\/enfantzatypiques.org\/index.php\/formation-et-sensibilisasion\/#breadcrumb"},"inLanguage":"fr-FR","potentialAction":[{"@type":"ReadAction","target":["https:\/\/enfantzatypiques.org\/index.php\/formation-et-sensibilisasion\/"]}]},{"@type":"ImageObject","inLanguage":"fr-FR","@id":"https:\/\/enfantzatypiques.org\/index.php\/formation-et-sensibilisasion\/#primaryimage","url":"https:\/\/enfantzatypiques.org\/wp-content\/uploads\/2024\/07\/2024-07-26-08_14_24-formations-et-sensibilisation-pour-les-enseignants-3.jpg","contentUrl":"https:\/\/enfantzatypiques.org\/wp-content\/uploads\/2024\/07\/2024-07-26-08_14_24-formations-et-sensibilisation-pour-les-enseignants-3.jpg","width":1101,"height":739},{"@type":"BreadcrumbList","@id":"https:\/\/enfantzatypiques.org\/index.php\/formation-et-sensibilisasion\/#breadcrumb","itemListElement":[{"@type":"ListItem","position":1,"name":"Accueil","item":"http:\/\/enfantzatypiques.org\/"},{"@type":"ListItem","position":2,"name":"Formation et sensibilisasion"}]},{"@type":"WebSite","@id":"http:\/\/enfantzatypiques.org\/#website","url":"http:\/\/enfantzatypiques.org\/","name":"Les enfantZatypiques","description":"Comment soigner les enfants atypiques ?","publisher":{"@id":"http:\/\/enfantzatypiques.org\/#\/schema\/person\/8c2673b14bbe39f5978d3c9c517dfebd"},"potentialAction":[{"@type":"SearchAction","target":{"@type":"EntryPoint","urlTemplate":"http:\/\/enfantzatypiques.org\/?s={search_term_string}"},"query-input":{"@type":"PropertyValueSpecification","valueRequired":true,"valueName":"search_term_string"}}],"inLanguage":"fr-FR"},{"@type":["Person","Organization"],"@id":"http:\/\/enfantzatypiques.org\/#\/schema\/person\/8c2673b14bbe39f5978d3c9c517dfebd","name":"St\u00e9phanie Fr\u00e9chin","image":{"@type":"ImageObject","inLanguage":"fr-FR","@id":"https:\/\/enfantzatypiques.org\/wp-content\/uploads\/2024\/07\/cropped-logo-stephanie-frechin.jpg","url":"https:\/\/enfantzatypiques.org\/wp-content\/uploads\/2024\/07\/cropped-logo-stephanie-frechin.jpg","contentUrl":"https:\/\/enfantzatypiques.org\/wp-content\/uploads\/2024\/07\/cropped-logo-stephanie-frechin.jpg","width":512,"height":512,"caption":"St\u00e9phanie Fr\u00e9chin"},"logo":{"@id":"https:\/\/enfantzatypiques.org\/wp-content\/uploads\/2024\/07\/cropped-logo-stephanie-frechin.jpg"},"sameAs":["http:\/\/www.enfantzatypiques.com"]}]}},"_links":{"self":[{"href":"https:\/\/enfantzatypiques.org\/index.php\/wp-json\/wp\/v2\/pages\/613","targetHints":{"allow":["GET"]}}],"collection":[{"href":"https:\/\/enfantzatypiques.org\/index.php\/wp-json\/wp\/v2\/pages"}],"about":[{"href":"https:\/\/enfantzatypiques.org\/index.php\/wp-json\/wp\/v2\/types\/page"}],"author":[{"embeddable":true,"href":"https:\/\/enfantzatypiques.org\/index.php\/wp-json\/wp\/v2\/users\/2"}],"replies":[{"embeddable":true,"href":"https:\/\/enfantzatypiques.org\/index.php\/wp-json\/wp\/v2\/comments?post=613"}],"version-history":[{"count":9,"href":"https:\/\/enfantzatypiques.org\/index.php\/wp-json\/wp\/v2\/pages\/613\/revisions"}],"predecessor-version":[{"id":871,"href":"https:\/\/enfantzatypiques.org\/index.php\/wp-json\/wp\/v2\/pages\/613\/revisions\/871"}],"wp:attachment":[{"href":"https:\/\/enfantzatypiques.org\/index.php\/wp-json\/wp\/v2\/media?parent=613"}],"curies":[{"name":"wp","href":"https:\/\/api.w.org\/{rel}","templated":true}]}}