{"id":279,"date":"2024-07-04T20:29:37","date_gmt":"2024-07-04T18:29:37","guid":{"rendered":"https:\/\/enfantzatypiques.org\/?page_id=279"},"modified":"2024-07-24T08:57:09","modified_gmt":"2024-07-24T06:57:09","slug":"les-enfants","status":"publish","type":"page","link":"https:\/\/enfantzatypiques.org\/index.php\/les-enfants\/","title":{"rendered":"Les enfants"},"content":{"rendered":"\t\t<div data-elementor-type=\"wp-page\" data-elementor-id=\"279\" class=\"elementor elementor-279\">\n\t\t\t\t<div class=\"elementor-element elementor-element-85b85e1 e-flex e-con-boxed e-con e-parent\" data-id=\"85b85e1\" data-element_type=\"container\" data-e-type=\"container\">\n\t\t\t\t\t<div class=\"e-con-inner\">\n\t\t\t\t<div class=\"elementor-element elementor-element-6bf71bf elementor-widget elementor-widget-text-editor\" data-id=\"6bf71bf\" data-element_type=\"widget\" data-e-type=\"widget\" data-widget_type=\"text-editor.default\">\n\t\t\t\t<div class=\"elementor-widget-container\">\n\t\t\t\t\t\t\t\t\t<h3><img fetchpriority=\"high\" decoding=\"async\" class=\"alignnone size-large wp-image-367\" src=\"http:\/\/enfantzatypiques.org\/wp-content\/uploads\/2024\/07\/enfants-atypiques-schema-1024x758.jpg\" alt=\"\" width=\"768\" height=\"569\" \/><\/h3><h3>\u00a0<\/h3><h3>D\u00e9finition\u00a0<\/h3><p>Les troubles neurod\u00e9veloppementaux sont un ensemble de pathologies qui d\u00e9butent<br \/>durant la p\u00e9riode du d\u00e9veloppement. Ces troubles se manifestent typiquement<br \/>pr\u00e9cocement durant le d\u00e9veloppement, souvent avant m\u00eame que l\u2019enfant n\u2019entre \u00e0 l\u2019\u00e9cole<br \/>primaire.\u00a0<\/p><p>Ils sont caract\u00e9ris\u00e9s par des d\u00e9ficits du d\u00e9veloppement qui entra\u00eenent une alt\u00e9ration du<br \/>fonctionnement personnel, social, scolaire \u2026\u00a0<br \/>La gamme des d\u00e9ficits d\u00e9veloppementaux est variable, allant de limitations tr\u00e8s sp\u00e9cifiques<br \/>des apprentissages ou du contr\u00f4le des fonctions ex\u00e9cutives, jusqu\u2019\u00e0 une alt\u00e9ration globale<br \/>des comp\u00e9tences sociales ou de l\u2019intelligence. Les troubles neurod\u00e9veloppementaux sont<br \/>souvent associ\u00e9s entre eux ; par exemple, les personnes pr\u00e9sentant un trouble du spectre<br \/>de l\u2019autisme ont souvent un handicap intellectuel (troubles du d\u00e9veloppement intellectuel),<br \/>et de nombreux enfants ayant un trouble d\u00e9ficit de l\u2019attention\/hyperactivit\u00e9 (TDAH)<br \/>pr\u00e9sentent \u00e9galement un trouble sp\u00e9cifique des apprentissages.\u00a0<br \/>Pour certains troubles, le tableau clinique comporte des sympt\u00f4mes d\u2019exc\u00e8s aussi bien que<br \/>de d\u00e9ficit ou de retard dans l\u2019acquisition des \u00e9tapes normales du d\u00e9veloppement. Concerne<br \/>5 \u00e0 10% des enfants et c\u2019est en nette augmentation. Concerne plus les gar\u00e7ons que les filles.\u00a0<br \/>Selon le Manuel diagnostique et statistique des troubles mentaux (5e \u00e9d. ; DSM-5 ; American<br \/>Psychiatric Association, 2013)<\/p><p>Les facteurs de risque\u00a0:\u00a0D\u2019apr\u00e8s la HAS, on retrouve notamment la grande pr\u00e9maturit\u00e9<br \/>, le retard de croissance intra ut\u00e9rin, l\u2019enc\u00e9phalopathie n\u00e9onatale, l\u2019AVC p\u00e9rinatal,<br \/>l\u2019anomalies de croissance c\u00e9r\u00e9brale, des ant\u00e9c\u00e9dents familiaux de TND, une exposition<br \/>pr\u00e9natale \u00e0 un ou plusieurs toxiques, une chirurgie majeure etc \u2026. En parall\u00e8le, on retrouve<br \/>de nouveaux facteurs de risques, notamment environnementaux \u00e0 l\u2019instar de l\u2019exposition<br \/>passive aux \u00e9crans, les pesticides, la maltraitance etc\u2026<\/p>\t\t\t\t\t\t\t\t<\/div>\n\t\t\t\t<\/div>\n\t\t\t\t\t<\/div>\n\t\t\t\t<\/div>\n\t\t<div class=\"elementor-element elementor-element-43bb028 e-flex e-con-boxed e-con e-parent\" data-id=\"43bb028\" data-element_type=\"container\" data-e-type=\"container\">\n\t\t\t\t\t<div class=\"e-con-inner\">\n\t\t\t\t<div class=\"elementor-element elementor-element-75b3413 elementor-widget elementor-widget-depicter_slider\" data-id=\"75b3413\" data-element_type=\"widget\" data-e-type=\"widget\" data-widget_type=\"depicter_slider.default\">\n\t\t\t\t<div class=\"elementor-widget-container\">\n\t\t\t\t\tNo content yet.\t\t\t\t<\/div>\n\t\t\t\t<\/div>\n\t\t\t\t\t<\/div>\n\t\t\t\t<\/div>\n\t\t\t\t<\/div>\n\t\t","protected":false},"excerpt":{"rendered":"<p>\u00a0 D\u00e9finition\u00a0 Les troubles neurod\u00e9veloppementaux sont un ensemble de pathologies qui d\u00e9butentdurant la p\u00e9riode du d\u00e9veloppement. Ces troubles se manifestent typiquementpr\u00e9cocement durant le d\u00e9veloppement, souvent avant m\u00eame que l\u2019enfant n\u2019entre \u00e0 l\u2019\u00e9coleprimaire.\u00a0 Ils sont caract\u00e9ris\u00e9s par des d\u00e9ficits du d\u00e9veloppement qui entra\u00eenent une alt\u00e9ration dufonctionnement personnel, social, scolaire \u2026\u00a0La gamme des d\u00e9ficits d\u00e9veloppementaux est variable, [&hellip;]<\/p>\n","protected":false},"author":2,"featured_media":0,"parent":0,"menu_order":0,"comment_status":"closed","ping_status":"closed","template":"","meta":{"_eb_attr":"","footnotes":""},"class_list":["post-279","page","type-page","status-publish","hentry"],"yoast_head":"<!-- This site is optimized with the Yoast SEO plugin v27.5 - https:\/\/yoast.com\/product\/yoast-seo-wordpress\/ -->\n<title>Les enfants - Les enfantZatypiques<\/title>\n<meta name=\"robots\" content=\"index, follow, max-snippet:-1, max-image-preview:large, max-video-preview:-1\" \/>\n<link rel=\"canonical\" href=\"https:\/\/enfantzatypiques.org\/index.php\/les-enfants\/\" \/>\n<meta property=\"og:locale\" content=\"fr_FR\" \/>\n<meta property=\"og:type\" content=\"article\" \/>\n<meta property=\"og:title\" content=\"Les enfants - Les enfantZatypiques\" \/>\n<meta property=\"og:description\" content=\"\u00a0 D\u00e9finition\u00a0 Les troubles neurod\u00e9veloppementaux sont un ensemble de pathologies qui d\u00e9butentdurant la p\u00e9riode du d\u00e9veloppement. Ces troubles se manifestent typiquementpr\u00e9cocement durant le d\u00e9veloppement, souvent avant m\u00eame que l\u2019enfant n\u2019entre \u00e0 l\u2019\u00e9coleprimaire.\u00a0 Ils sont caract\u00e9ris\u00e9s par des d\u00e9ficits du d\u00e9veloppement qui entra\u00eenent une alt\u00e9ration dufonctionnement personnel, social, scolaire \u2026\u00a0La gamme des d\u00e9ficits d\u00e9veloppementaux est variable, [&hellip;]\" \/>\n<meta property=\"og:url\" content=\"https:\/\/enfantzatypiques.org\/index.php\/les-enfants\/\" \/>\n<meta property=\"og:site_name\" content=\"Les enfantZatypiques\" \/>\n<meta property=\"article:modified_time\" content=\"2024-07-24T06:57:09+00:00\" \/>\n<meta property=\"og:image\" content=\"http:\/\/enfantzatypiques.org\/wp-content\/uploads\/2024\/07\/enfants-atypiques-schema-1024x758.webp\" \/>\n<meta name=\"twitter:card\" content=\"summary_large_image\" \/>\n<meta name=\"twitter:label1\" content=\"Dur\u00e9e de lecture estim\u00e9e\" \/>\n\t<meta name=\"twitter:data1\" content=\"2 minutes\" \/>\n<script type=\"application\/ld+json\" class=\"yoast-schema-graph\">{\"@context\":\"https:\\\/\\\/schema.org\",\"@graph\":[{\"@type\":\"WebPage\",\"@id\":\"https:\\\/\\\/enfantzatypiques.org\\\/index.php\\\/les-enfants\\\/\",\"url\":\"https:\\\/\\\/enfantzatypiques.org\\\/index.php\\\/les-enfants\\\/\",\"name\":\"Les enfants - Les enfantZatypiques\",\"isPartOf\":{\"@id\":\"http:\\\/\\\/enfantzatypiques.org\\\/#website\"},\"primaryImageOfPage\":{\"@id\":\"https:\\\/\\\/enfantzatypiques.org\\\/index.php\\\/les-enfants\\\/#primaryimage\"},\"image\":{\"@id\":\"https:\\\/\\\/enfantzatypiques.org\\\/index.php\\\/les-enfants\\\/#primaryimage\"},\"thumbnailUrl\":\"http:\\\/\\\/enfantzatypiques.org\\\/wp-content\\\/uploads\\\/2024\\\/07\\\/enfants-atypiques-schema-1024x758.webp\",\"datePublished\":\"2024-07-04T18:29:37+00:00\",\"dateModified\":\"2024-07-24T06:57:09+00:00\",\"breadcrumb\":{\"@id\":\"https:\\\/\\\/enfantzatypiques.org\\\/index.php\\\/les-enfants\\\/#breadcrumb\"},\"inLanguage\":\"fr-FR\",\"potentialAction\":[{\"@type\":\"ReadAction\",\"target\":[\"https:\\\/\\\/enfantzatypiques.org\\\/index.php\\\/les-enfants\\\/\"]}]},{\"@type\":\"ImageObject\",\"inLanguage\":\"fr-FR\",\"@id\":\"https:\\\/\\\/enfantzatypiques.org\\\/index.php\\\/les-enfants\\\/#primaryimage\",\"url\":\"http:\\\/\\\/enfantzatypiques.org\\\/wp-content\\\/uploads\\\/2024\\\/07\\\/enfants-atypiques-schema-1024x758.webp\",\"contentUrl\":\"http:\\\/\\\/enfantzatypiques.org\\\/wp-content\\\/uploads\\\/2024\\\/07\\\/enfants-atypiques-schema-1024x758.webp\"},{\"@type\":\"BreadcrumbList\",\"@id\":\"https:\\\/\\\/enfantzatypiques.org\\\/index.php\\\/les-enfants\\\/#breadcrumb\",\"itemListElement\":[{\"@type\":\"ListItem\",\"position\":1,\"name\":\"Accueil\",\"item\":\"http:\\\/\\\/enfantzatypiques.org\\\/\"},{\"@type\":\"ListItem\",\"position\":2,\"name\":\"Les enfants\"}]},{\"@type\":\"WebSite\",\"@id\":\"http:\\\/\\\/enfantzatypiques.org\\\/#website\",\"url\":\"http:\\\/\\\/enfantzatypiques.org\\\/\",\"name\":\"Les enfantZatypiques\",\"description\":\"Comment soigner les enfants atypiques ?\",\"publisher\":{\"@id\":\"http:\\\/\\\/enfantzatypiques.org\\\/#\\\/schema\\\/person\\\/8c2673b14bbe39f5978d3c9c517dfebd\"},\"potentialAction\":[{\"@type\":\"SearchAction\",\"target\":{\"@type\":\"EntryPoint\",\"urlTemplate\":\"http:\\\/\\\/enfantzatypiques.org\\\/?s={search_term_string}\"},\"query-input\":{\"@type\":\"PropertyValueSpecification\",\"valueRequired\":true,\"valueName\":\"search_term_string\"}}],\"inLanguage\":\"fr-FR\"},{\"@type\":[\"Person\",\"Organization\"],\"@id\":\"http:\\\/\\\/enfantzatypiques.org\\\/#\\\/schema\\\/person\\\/8c2673b14bbe39f5978d3c9c517dfebd\",\"name\":\"St\u00e9phanie Fr\u00e9chin\",\"image\":{\"@type\":\"ImageObject\",\"inLanguage\":\"fr-FR\",\"@id\":\"https:\\\/\\\/enfantzatypiques.org\\\/wp-content\\\/uploads\\\/2024\\\/07\\\/cropped-logo-stephanie-frechin.jpg\",\"url\":\"https:\\\/\\\/enfantzatypiques.org\\\/wp-content\\\/uploads\\\/2024\\\/07\\\/cropped-logo-stephanie-frechin.jpg\",\"contentUrl\":\"https:\\\/\\\/enfantzatypiques.org\\\/wp-content\\\/uploads\\\/2024\\\/07\\\/cropped-logo-stephanie-frechin.jpg\",\"width\":512,\"height\":512,\"caption\":\"St\u00e9phanie Fr\u00e9chin\"},\"logo\":{\"@id\":\"https:\\\/\\\/enfantzatypiques.org\\\/wp-content\\\/uploads\\\/2024\\\/07\\\/cropped-logo-stephanie-frechin.jpg\"},\"sameAs\":[\"http:\\\/\\\/www.enfantzatypiques.com\"]}]}<\/script>\n<!-- \/ Yoast SEO plugin. -->","yoast_head_json":{"title":"Les enfants - Les enfantZatypiques","robots":{"index":"index","follow":"follow","max-snippet":"max-snippet:-1","max-image-preview":"max-image-preview:large","max-video-preview":"max-video-preview:-1"},"canonical":"https:\/\/enfantzatypiques.org\/index.php\/les-enfants\/","og_locale":"fr_FR","og_type":"article","og_title":"Les enfants - Les enfantZatypiques","og_description":"\u00a0 D\u00e9finition\u00a0 Les troubles neurod\u00e9veloppementaux sont un ensemble de pathologies qui d\u00e9butentdurant la p\u00e9riode du d\u00e9veloppement. Ces troubles se manifestent typiquementpr\u00e9cocement durant le d\u00e9veloppement, souvent avant m\u00eame que l\u2019enfant n\u2019entre \u00e0 l\u2019\u00e9coleprimaire.\u00a0 Ils sont caract\u00e9ris\u00e9s par des d\u00e9ficits du d\u00e9veloppement qui entra\u00eenent une alt\u00e9ration dufonctionnement personnel, social, scolaire \u2026\u00a0La gamme des d\u00e9ficits d\u00e9veloppementaux est variable, [&hellip;]","og_url":"https:\/\/enfantzatypiques.org\/index.php\/les-enfants\/","og_site_name":"Les enfantZatypiques","article_modified_time":"2024-07-24T06:57:09+00:00","og_image":[{"url":"http:\/\/enfantzatypiques.org\/wp-content\/uploads\/2024\/07\/enfants-atypiques-schema-1024x758.webp","type":"","width":"","height":""}],"twitter_card":"summary_large_image","twitter_misc":{"Dur\u00e9e de lecture estim\u00e9e":"2 minutes"},"schema":{"@context":"https:\/\/schema.org","@graph":[{"@type":"WebPage","@id":"https:\/\/enfantzatypiques.org\/index.php\/les-enfants\/","url":"https:\/\/enfantzatypiques.org\/index.php\/les-enfants\/","name":"Les enfants - Les enfantZatypiques","isPartOf":{"@id":"http:\/\/enfantzatypiques.org\/#website"},"primaryImageOfPage":{"@id":"https:\/\/enfantzatypiques.org\/index.php\/les-enfants\/#primaryimage"},"image":{"@id":"https:\/\/enfantzatypiques.org\/index.php\/les-enfants\/#primaryimage"},"thumbnailUrl":"http:\/\/enfantzatypiques.org\/wp-content\/uploads\/2024\/07\/enfants-atypiques-schema-1024x758.webp","datePublished":"2024-07-04T18:29:37+00:00","dateModified":"2024-07-24T06:57:09+00:00","breadcrumb":{"@id":"https:\/\/enfantzatypiques.org\/index.php\/les-enfants\/#breadcrumb"},"inLanguage":"fr-FR","potentialAction":[{"@type":"ReadAction","target":["https:\/\/enfantzatypiques.org\/index.php\/les-enfants\/"]}]},{"@type":"ImageObject","inLanguage":"fr-FR","@id":"https:\/\/enfantzatypiques.org\/index.php\/les-enfants\/#primaryimage","url":"http:\/\/enfantzatypiques.org\/wp-content\/uploads\/2024\/07\/enfants-atypiques-schema-1024x758.webp","contentUrl":"http:\/\/enfantzatypiques.org\/wp-content\/uploads\/2024\/07\/enfants-atypiques-schema-1024x758.webp"},{"@type":"BreadcrumbList","@id":"https:\/\/enfantzatypiques.org\/index.php\/les-enfants\/#breadcrumb","itemListElement":[{"@type":"ListItem","position":1,"name":"Accueil","item":"http:\/\/enfantzatypiques.org\/"},{"@type":"ListItem","position":2,"name":"Les enfants"}]},{"@type":"WebSite","@id":"http:\/\/enfantzatypiques.org\/#website","url":"http:\/\/enfantzatypiques.org\/","name":"Les enfantZatypiques","description":"Comment soigner les enfants atypiques ?","publisher":{"@id":"http:\/\/enfantzatypiques.org\/#\/schema\/person\/8c2673b14bbe39f5978d3c9c517dfebd"},"potentialAction":[{"@type":"SearchAction","target":{"@type":"EntryPoint","urlTemplate":"http:\/\/enfantzatypiques.org\/?s={search_term_string}"},"query-input":{"@type":"PropertyValueSpecification","valueRequired":true,"valueName":"search_term_string"}}],"inLanguage":"fr-FR"},{"@type":["Person","Organization"],"@id":"http:\/\/enfantzatypiques.org\/#\/schema\/person\/8c2673b14bbe39f5978d3c9c517dfebd","name":"St\u00e9phanie Fr\u00e9chin","image":{"@type":"ImageObject","inLanguage":"fr-FR","@id":"https:\/\/enfantzatypiques.org\/wp-content\/uploads\/2024\/07\/cropped-logo-stephanie-frechin.jpg","url":"https:\/\/enfantzatypiques.org\/wp-content\/uploads\/2024\/07\/cropped-logo-stephanie-frechin.jpg","contentUrl":"https:\/\/enfantzatypiques.org\/wp-content\/uploads\/2024\/07\/cropped-logo-stephanie-frechin.jpg","width":512,"height":512,"caption":"St\u00e9phanie Fr\u00e9chin"},"logo":{"@id":"https:\/\/enfantzatypiques.org\/wp-content\/uploads\/2024\/07\/cropped-logo-stephanie-frechin.jpg"},"sameAs":["http:\/\/www.enfantzatypiques.com"]}]}},"_links":{"self":[{"href":"https:\/\/enfantzatypiques.org\/index.php\/wp-json\/wp\/v2\/pages\/279","targetHints":{"allow":["GET"]}}],"collection":[{"href":"https:\/\/enfantzatypiques.org\/index.php\/wp-json\/wp\/v2\/pages"}],"about":[{"href":"https:\/\/enfantzatypiques.org\/index.php\/wp-json\/wp\/v2\/types\/page"}],"author":[{"embeddable":true,"href":"https:\/\/enfantzatypiques.org\/index.php\/wp-json\/wp\/v2\/users\/2"}],"replies":[{"embeddable":true,"href":"https:\/\/enfantzatypiques.org\/index.php\/wp-json\/wp\/v2\/comments?post=279"}],"version-history":[{"count":19,"href":"https:\/\/enfantzatypiques.org\/index.php\/wp-json\/wp\/v2\/pages\/279\/revisions"}],"predecessor-version":[{"id":757,"href":"https:\/\/enfantzatypiques.org\/index.php\/wp-json\/wp\/v2\/pages\/279\/revisions\/757"}],"wp:attachment":[{"href":"https:\/\/enfantzatypiques.org\/index.php\/wp-json\/wp\/v2\/media?parent=279"}],"curies":[{"name":"wp","href":"https:\/\/api.w.org\/{rel}","templated":true}]}}