{"id":712,"date":"2024-07-22T18:11:42","date_gmt":"2024-07-22T16:11:42","guid":{"rendered":"https:\/\/enfantzatypiques.org\/?page_id=712"},"modified":"2024-07-25T10:16:26","modified_gmt":"2024-07-25T08:16:26","slug":"ressources","status":"publish","type":"page","link":"http:\/\/enfantzatypiques.org\/index.php\/ressources\/","title":{"rendered":"Ressources"},"content":{"rendered":"\t\t<div data-elementor-type=\"wp-page\" data-elementor-id=\"712\" class=\"elementor elementor-712\">\n\t\t\t\t<div class=\"elementor-element elementor-element-04a9332 e-flex e-con-boxed e-con e-parent\" data-id=\"04a9332\" data-element_type=\"container\" data-e-type=\"container\">\n\t\t\t\t\t<div class=\"e-con-inner\">\n\t\t\t\t<div class=\"elementor-element elementor-element-9cfd592 elementor-widget elementor-widget-text-editor\" data-id=\"9cfd592\" data-element_type=\"widget\" data-e-type=\"widget\" data-widget_type=\"text-editor.default\">\n\t\t\t\t<div class=\"elementor-widget-container\">\n\t\t\t\t\t\t\t\t\t<p>Pour vous soutenir, il est crucial de mettre \u00e0 votre disposition une vari\u00e9t\u00e9 de ressources litt\u00e9raires et autres. Voici quelques suggestions de ressources qui pourraient \u00eatre tr\u00e8s b\u00e9n\u00e9fiques :<\/p>\t\t\t\t\t\t\t\t<\/div>\n\t\t\t\t<\/div>\n\t\t\t\t\t<\/div>\n\t\t\t\t<\/div>\n\t\t<div class=\"elementor-element elementor-element-87d1d7e e-flex e-con-boxed e-con e-parent\" data-id=\"87d1d7e\" data-element_type=\"container\" data-e-type=\"container\">\n\t\t\t\t\t<div class=\"e-con-inner\">\n\t\t<div class=\"elementor-element elementor-element-4e7c10f e-con-full e-flex e-con e-child\" data-id=\"4e7c10f\" data-element_type=\"container\" data-e-type=\"container\">\n\t\t\t\t<div class=\"elementor-element elementor-element-992db70 elementor-widget elementor-widget-image\" data-id=\"992db70\" data-element_type=\"widget\" data-e-type=\"widget\" data-widget_type=\"image.default\">\n\t\t\t\t<div class=\"elementor-widget-container\">\n\t\t\t\t\t\t\t\t\t\t\t\t\t\t\t<img fetchpriority=\"high\" decoding=\"async\" width=\"568\" height=\"781\" src=\"http:\/\/enfantzatypiques.org\/wp-content\/uploads\/2024\/07\/bibliotheque.jpg\" class=\"attachment-large size-large wp-image-829\" alt=\"ressources pour parients enfantzatypiques\" srcset=\"http:\/\/enfantzatypiques.org\/wp-content\/uploads\/2024\/07\/bibliotheque.jpg 568w, http:\/\/enfantzatypiques.org\/wp-content\/uploads\/2024\/07\/bibliotheque-218x300.jpg 218w, http:\/\/enfantzatypiques.org\/wp-content\/uploads\/2024\/07\/bibliotheque-200x275.jpg 200w\" sizes=\"(max-width: 568px) 100vw, 568px\" \/>\t\t\t\t\t\t\t\t\t\t\t\t\t\t\t<\/div>\n\t\t\t\t<\/div>\n\t\t\t\t<\/div>\n\t\t<div class=\"elementor-element elementor-element-aed27ec e-con-full e-flex e-con e-child\" data-id=\"aed27ec\" data-element_type=\"container\" data-e-type=\"container\">\n\t\t\t\t<div class=\"elementor-element elementor-element-ffa93c7 elementor-widget elementor-widget-text-editor\" data-id=\"ffa93c7\" data-element_type=\"widget\" data-e-type=\"widget\" data-widget_type=\"text-editor.default\">\n\t\t\t\t<div class=\"elementor-widget-container\">\n\t\t\t\t\t\t\t\t\t<p><strong><em><u>Biblioth\u00e8que de Ressources<\/u><\/em><\/strong><\/p><p><strong><em>Livres sur le d\u00e9veloppement de l&rsquo;enfant et la neurodiversit\u00e9 :<\/em><\/strong><\/p><ul><li>\u00ab\u00a0Le cerveau de votre enfant\u00a0\u00bb de Daniel J. Siegel et Tina Payne Bryson.<\/li><li>\u00ab\u00a0Diff\u00e9rents : Guide pour les parents d&rsquo;enfants neuro-atypiques\u00a0\u00bb de Elaine N. Aron.<\/li><li>\u00ab\u00a0Les enfants actuels\u00a0de Marie-Fran\u00e7oise Neveu.<\/li><\/ul><div id=\"gtx-trans\" style=\"position: absolute; left: -34px; top: -9.22396px;\"><div class=\"gtx-trans-icon\">\u00a0<\/div><\/div>\t\t\t\t\t\t\t\t<\/div>\n\t\t\t\t<\/div>\n\t\t\t\t<\/div>\n\t\t\t\t\t<\/div>\n\t\t\t\t<\/div>\n\t\t<div class=\"elementor-element elementor-element-9562ded e-flex e-con-boxed e-con e-parent\" data-id=\"9562ded\" data-element_type=\"container\" data-e-type=\"container\">\n\t\t\t\t\t<div class=\"e-con-inner\">\n\t\t\t\t<div class=\"elementor-element elementor-element-799f547 elementor-widget elementor-widget-text-editor\" data-id=\"799f547\" data-element_type=\"widget\" data-e-type=\"widget\" data-widget_type=\"text-editor.default\">\n\t\t\t\t<div class=\"elementor-widget-container\">\n\t\t\t\t\t\t\t\t\t<p><strong><em>Guides pratiques pour les parents<\/em><\/strong><strong> :<\/strong><\/p><ul><li>\u00ab\u00a0Comprendre et aider mon enfant hyperactif\u00a0\u00bb de Anne Gramond.<\/li><li>\u00ab\u00a0Les troubles d&rsquo;apprentissage expliqu\u00e9s aux parents\u00a0\u00bb de Peter S. Westwood.<\/li><li>\u00ab\u00a0Autisme et ABA : Les premi\u00e8res le\u00e7ons\u00a0\u00bb de Teresa Pereira.<\/li><\/ul><p><strong><em>R\u00e9cits et t\u00e9moignages<\/em><\/strong><strong> :<\/strong><\/p><ul><li>\u00ab\u00a0L&rsquo;enfant qui savait parler la langue des chiens\u00a0\u00bb de Joanna Gruda.<\/li><li>\u00ab\u00a0Le syndrome de l&#8217;empereur\u00a0\u00bb de Carlos Gonz\u00e1lez.<\/li><li>\u00ab\u00a0Mon enfant est hyperactif : t\u00e9moignages et conseils\u00a0\u00bb de Fran\u00e7ois Laborde.<\/li><\/ul><p><strong><em><u>Articles et Brochures <\/u><\/em><\/strong><\/p><p><strong><em>Th\u00e8mes \u00e0 couvrir<\/em><\/strong><strong> :<\/strong><\/p><ul><li><a href=\"https:\/\/www.bloghoptoys.fr\/tous-pareils-ou-presque-un-podcast-extra-ordinaire\"><strong>Introduction aux troubles du spectre autistique (TSA).\u00a0<\/strong><\/a><\/li><li><a href=\"https:\/\/youtu.be\/fB-jLwmxkfY\"><strong>Comprendre le trouble du d\u00e9ficit de l&rsquo;attention avec ou sans hyperactivit\u00e9 (TDAH).\u00a0<\/strong><\/a><\/li><li><a href=\"https:\/\/www.youtube.com\/watch?v=UkPdRJh6D7s&amp;pp=ygULcG9wcGlucyBkeXM%3D\"><strong>Strat\u00e9gies pour g\u00e9rer les troubles de l&rsquo;apprentissage <\/strong><\/a><\/li><\/ul><p><strong><em><u>Vid\u00e9os et Webinaires<\/u><\/em><\/strong><\/p><p><strong><em>Conf\u00e9rences et pr\u00e9sentations de sp\u00e9cialistes :<\/em><\/strong><\/p><ul><li>Conf\u00e9rences TEDx sur la neurodiversit\u00e9 et l&rsquo;\u00e9ducation sp\u00e9cialis\u00e9e.<\/li><li><a href=\"https:\/\/youtu.be\/YRu7Hsk90NU\"><strong>Webinaires anim\u00e9s par des psychologues, des enseignants sp\u00e9cialis\u00e9s et des orthophonistes.\u00a0<\/strong><\/a><\/li><\/ul><p><strong><em>T\u00e9moignages de parents et d\u2019enfants<\/em><\/strong><strong> :<\/strong><\/p><ul><li><a href=\"https:\/\/youtu.be\/fbzJYNJ0l1E\"><strong>Vid\u00e9os de parents partageant leurs exp\u00e9riences et leurs strat\u00e9gies<\/strong><\/a> :\u00a0<\/li><li><a href=\"https:\/\/youtu.be\/sKjjxFb--d4\"><strong>Documentaires sur la vie des enfants atypiques et leurs familles<\/strong><\/a>\u00a0:<\/li><\/ul><p><strong><em><u>Ressources en Ligne<\/u><\/em><\/strong><\/p><p><strong><em>Sites web et blogs sp\u00e9cialis\u00e9s<\/em><\/strong><strong> :<\/strong><\/p><ul><li>A<a href=\"http:\/\/www.autismspeaks.org\"><strong>utism Speaks<\/strong><\/a> .<\/li><li><a href=\"http:\/\/www.understood.org\"><strong>Understood.org<\/strong><\/a>.<\/li><\/ul><p><strong>Outils de gestion des comportements et des \u00e9motions :<\/strong><\/p><ul><li>M\u00e9ditation et relaxation (Mindfulness, Respirelax)<\/li><li>Outil pour aider les enfants \u00e0 apprendre \u00e0 g\u00e9rer leurs \u00e9motions et leurs comportements (Coh\u00e9rence cardiaque, EFT, Biofeedback)<\/li><\/ul><p><strong><em><u>Ateliers <\/u><\/em><\/strong><\/p><p><strong><em>Th\u00e8mes d&rsquo;ateliers :<\/em><\/strong><\/p><ul><li>Techniques de gestion du comportement.<\/li><li>Soutien scolaire et m\u00e9thodes d\u2019apprentissage pour les enfants (Apili, Poppins, Montessori, \u2026).<\/li><\/ul><p><strong><em>Webinaire en ligne et ateliers en personne :<\/em><\/strong><\/p><ul><li>Webinaires organis\u00e9s par des intervenants locaux et internationaux.<\/li><li>Ateliers interactifs pour les parents en pr\u00e9sentiel.<\/li><\/ul><p><strong><em><u>Centres de Ressources Locales<\/u><\/em><\/strong><\/p><ul><li>Pluridisciplinarit\u00e9 avec des professionnels sp\u00e9cialis\u00e9s (psychologues, orthophonistes, ergoth\u00e9rapeutes, neuroth\u00e9rapeutes, psychologues, \u2026).<\/li><li>Groupes de soutien pour les parents.<\/li><li>Ateliers sur les besoins sp\u00e9cifiques de vos enfants.<\/li><\/ul><p><strong><em><u>Mat\u00e9riel \u00c9ducatif et Sensoriel<\/u><\/em><\/strong><\/p><p><strong><em>Outils et jouets adapt\u00e9s<\/em><\/strong><strong> :<\/strong><\/p><ul><li><a href=\"https:\/\/www.hoptoys.fr\/nos-fidgets-pour-adultes-et-adolescents-c-4281.html\"><strong>Jouets \u00e9ducatifs et outils sensoriels pour aider au d\u00e9veloppement moteur et cognitif.<\/strong><\/a><\/li><\/ul><ul><li>L<a href=\"https:\/\/www.pro-btp.mila-learn.com\/\"><strong>ivres interactifs et mat\u00e9riels visuels pour les enfants avec des troubles d\u2019apprentissage<\/strong><\/a> (livres, tablettes, \u2026)<\/li><\/ul><p><strong><em>Kits d\u2019apprentissage \u00e0 domicile<\/em><\/strong><strong> :<\/strong><\/p><ul><li>Kits comprenant des activit\u00e9s \u00e9ducatives, des jeux de r\u00f4le et des exercices sensoriels.<\/li><li>Ressources pour aider les parents \u00e0 cr\u00e9er des environnements d&rsquo;apprentissage adapt\u00e9s \u00e0 la maison<\/li><\/ul><p>\u00a0<\/p>\t\t\t\t\t\t\t\t<\/div>\n\t\t\t\t<\/div>\n\t\t\t\t\t<\/div>\n\t\t\t\t<\/div>\n\t\t<div class=\"elementor-element elementor-element-ee6169a e-flex e-con-boxed e-con e-parent\" data-id=\"ee6169a\" data-element_type=\"container\" data-e-type=\"container\">\n\t\t\t\t\t<div class=\"e-con-inner\">\n\t\t\t\t<div class=\"elementor-element elementor-element-d505d72 elementor-widget elementor-widget-text-editor\" data-id=\"d505d72\" data-element_type=\"widget\" data-e-type=\"widget\" data-widget_type=\"text-editor.default\">\n\t\t\t\t<div class=\"elementor-widget-container\">\n\t\t\t\t\t\t\t\t\t<h4><strong><em>En mettant en place ces ressources litt\u00e9raires et autres, vous aurez acc\u00e8s \u00e0 un vaste \u00e9ventail d&rsquo;outils pour mieux comprendre, soutenir et accompagner vos enfants.<\/em><\/strong><\/h4>\t\t\t\t\t\t\t\t<\/div>\n\t\t\t\t<\/div>\n\t\t\t\t\t<\/div>\n\t\t\t\t<\/div>\n\t\t<div class=\"elementor-element elementor-element-aaba481 e-flex e-con-boxed e-con e-parent\" data-id=\"aaba481\" data-element_type=\"container\" data-e-type=\"container\">\n\t\t\t\t\t<div class=\"e-con-inner\">\n\t\t\t\t<div class=\"elementor-element elementor-element-fc41caf elementor-widget elementor-widget-text-editor\" data-id=\"fc41caf\" data-element_type=\"widget\" data-e-type=\"widget\" data-widget_type=\"text-editor.default\">\n\t\t\t\t<div class=\"elementor-widget-container\">\n\t\t\t\t\t\t\t\t\t<p>Je continuerai \u00e0 enrichir et \u00e0 diversifier ces ressources pour r\u00e9pondre aux besoins sp\u00e9cifiques de chaque famille et de chaque enfant.<\/p><div id=\"gtx-trans\" style=\"position: absolute; left: -32px; top: -9.22396px;\"><div class=\"gtx-trans-icon\">\u00a0<\/div><\/div>\t\t\t\t\t\t\t\t<\/div>\n\t\t\t\t<\/div>\n\t\t\t\t\t<\/div>\n\t\t\t\t<\/div>\n\t\t\t\t<\/div>\n\t\t","protected":false},"excerpt":{"rendered":"<p>Pour vous soutenir, il est crucial de mettre \u00e0 votre disposition une vari\u00e9t\u00e9 de ressources litt\u00e9raires et autres. Voici quelques suggestions de ressources qui pourraient \u00eatre tr\u00e8s b\u00e9n\u00e9fiques : Biblioth\u00e8que de Ressources Livres sur le d\u00e9veloppement de l&rsquo;enfant et la neurodiversit\u00e9 : \u00ab\u00a0Le cerveau de votre enfant\u00a0\u00bb de Daniel J. Siegel et Tina Payne Bryson. [&hellip;]<\/p>\n","protected":false},"author":2,"featured_media":0,"parent":0,"menu_order":0,"comment_status":"closed","ping_status":"closed","template":"","meta":{"_eb_attr":"","footnotes":""},"class_list":["post-712","page","type-page","status-publish","hentry"],"yoast_head":"<!-- This site is optimized with the Yoast SEO plugin v27.5 - https:\/\/yoast.com\/product\/yoast-seo-wordpress\/ -->\n<title>Ressources - Les enfantZatypiques<\/title>\n<meta name=\"robots\" content=\"index, follow, max-snippet:-1, max-image-preview:large, max-video-preview:-1\" \/>\n<link rel=\"canonical\" href=\"http:\/\/enfantzatypiques.org\/index.php\/ressources\/\" \/>\n<meta property=\"og:locale\" content=\"fr_FR\" \/>\n<meta property=\"og:type\" content=\"article\" \/>\n<meta property=\"og:title\" content=\"Ressources - Les enfantZatypiques\" \/>\n<meta property=\"og:description\" content=\"Pour vous soutenir, il est crucial de mettre \u00e0 votre disposition une vari\u00e9t\u00e9 de ressources litt\u00e9raires et autres. Voici quelques suggestions de ressources qui pourraient \u00eatre tr\u00e8s b\u00e9n\u00e9fiques : Biblioth\u00e8que de Ressources Livres sur le d\u00e9veloppement de l&rsquo;enfant et la neurodiversit\u00e9 : \u00ab\u00a0Le cerveau de votre enfant\u00a0\u00bb de Daniel J. Siegel et Tina Payne Bryson. [&hellip;]\" \/>\n<meta property=\"og:url\" content=\"http:\/\/enfantzatypiques.org\/index.php\/ressources\/\" \/>\n<meta property=\"og:site_name\" content=\"Les enfantZatypiques\" \/>\n<meta property=\"article:modified_time\" content=\"2024-07-25T08:16:26+00:00\" \/>\n<meta property=\"og:image\" content=\"http:\/\/enfantzatypiques.org\/wp-content\/uploads\/2024\/07\/bibliotheque.jpg\" \/>\n<meta name=\"twitter:card\" content=\"summary_large_image\" \/>\n<meta name=\"twitter:label1\" content=\"Dur\u00e9e de lecture estim\u00e9e\" \/>\n\t<meta name=\"twitter:data1\" content=\"3 minutes\" \/>\n<script type=\"application\/ld+json\" class=\"yoast-schema-graph\">{\"@context\":\"https:\\\/\\\/schema.org\",\"@graph\":[{\"@type\":\"WebPage\",\"@id\":\"http:\\\/\\\/enfantzatypiques.org\\\/index.php\\\/ressources\\\/\",\"url\":\"http:\\\/\\\/enfantzatypiques.org\\\/index.php\\\/ressources\\\/\",\"name\":\"Ressources - Les enfantZatypiques\",\"isPartOf\":{\"@id\":\"http:\\\/\\\/enfantzatypiques.org\\\/#website\"},\"primaryImageOfPage\":{\"@id\":\"http:\\\/\\\/enfantzatypiques.org\\\/index.php\\\/ressources\\\/#primaryimage\"},\"image\":{\"@id\":\"http:\\\/\\\/enfantzatypiques.org\\\/index.php\\\/ressources\\\/#primaryimage\"},\"thumbnailUrl\":\"http:\\\/\\\/enfantzatypiques.org\\\/wp-content\\\/uploads\\\/2024\\\/07\\\/bibliotheque.jpg\",\"datePublished\":\"2024-07-22T16:11:42+00:00\",\"dateModified\":\"2024-07-25T08:16:26+00:00\",\"breadcrumb\":{\"@id\":\"http:\\\/\\\/enfantzatypiques.org\\\/index.php\\\/ressources\\\/#breadcrumb\"},\"inLanguage\":\"fr-FR\",\"potentialAction\":[{\"@type\":\"ReadAction\",\"target\":[\"http:\\\/\\\/enfantzatypiques.org\\\/index.php\\\/ressources\\\/\"]}]},{\"@type\":\"ImageObject\",\"inLanguage\":\"fr-FR\",\"@id\":\"http:\\\/\\\/enfantzatypiques.org\\\/index.php\\\/ressources\\\/#primaryimage\",\"url\":\"http:\\\/\\\/enfantzatypiques.org\\\/wp-content\\\/uploads\\\/2024\\\/07\\\/bibliotheque.jpg\",\"contentUrl\":\"http:\\\/\\\/enfantzatypiques.org\\\/wp-content\\\/uploads\\\/2024\\\/07\\\/bibliotheque.jpg\",\"width\":568,\"height\":781,\"caption\":\"ressources pour parients enfantzatypiques\"},{\"@type\":\"BreadcrumbList\",\"@id\":\"http:\\\/\\\/enfantzatypiques.org\\\/index.php\\\/ressources\\\/#breadcrumb\",\"itemListElement\":[{\"@type\":\"ListItem\",\"position\":1,\"name\":\"Accueil\",\"item\":\"http:\\\/\\\/enfantzatypiques.org\\\/\"},{\"@type\":\"ListItem\",\"position\":2,\"name\":\"Ressources\"}]},{\"@type\":\"WebSite\",\"@id\":\"http:\\\/\\\/enfantzatypiques.org\\\/#website\",\"url\":\"http:\\\/\\\/enfantzatypiques.org\\\/\",\"name\":\"Les enfantZatypiques\",\"description\":\"Comment soigner les enfants atypiques ?\",\"publisher\":{\"@id\":\"http:\\\/\\\/enfantzatypiques.org\\\/#\\\/schema\\\/person\\\/8c2673b14bbe39f5978d3c9c517dfebd\"},\"potentialAction\":[{\"@type\":\"SearchAction\",\"target\":{\"@type\":\"EntryPoint\",\"urlTemplate\":\"http:\\\/\\\/enfantzatypiques.org\\\/?s={search_term_string}\"},\"query-input\":{\"@type\":\"PropertyValueSpecification\",\"valueRequired\":true,\"valueName\":\"search_term_string\"}}],\"inLanguage\":\"fr-FR\"},{\"@type\":[\"Person\",\"Organization\"],\"@id\":\"http:\\\/\\\/enfantzatypiques.org\\\/#\\\/schema\\\/person\\\/8c2673b14bbe39f5978d3c9c517dfebd\",\"name\":\"St\u00e9phanie Fr\u00e9chin\",\"image\":{\"@type\":\"ImageObject\",\"inLanguage\":\"fr-FR\",\"@id\":\"https:\\\/\\\/enfantzatypiques.org\\\/wp-content\\\/uploads\\\/2024\\\/07\\\/cropped-logo-stephanie-frechin.jpg\",\"url\":\"https:\\\/\\\/enfantzatypiques.org\\\/wp-content\\\/uploads\\\/2024\\\/07\\\/cropped-logo-stephanie-frechin.jpg\",\"contentUrl\":\"https:\\\/\\\/enfantzatypiques.org\\\/wp-content\\\/uploads\\\/2024\\\/07\\\/cropped-logo-stephanie-frechin.jpg\",\"width\":512,\"height\":512,\"caption\":\"St\u00e9phanie Fr\u00e9chin\"},\"logo\":{\"@id\":\"https:\\\/\\\/enfantzatypiques.org\\\/wp-content\\\/uploads\\\/2024\\\/07\\\/cropped-logo-stephanie-frechin.jpg\"},\"sameAs\":[\"http:\\\/\\\/www.enfantzatypiques.com\"]}]}<\/script>\n<!-- \/ Yoast SEO plugin. -->","yoast_head_json":{"title":"Ressources - Les enfantZatypiques","robots":{"index":"index","follow":"follow","max-snippet":"max-snippet:-1","max-image-preview":"max-image-preview:large","max-video-preview":"max-video-preview:-1"},"canonical":"http:\/\/enfantzatypiques.org\/index.php\/ressources\/","og_locale":"fr_FR","og_type":"article","og_title":"Ressources - Les enfantZatypiques","og_description":"Pour vous soutenir, il est crucial de mettre \u00e0 votre disposition une vari\u00e9t\u00e9 de ressources litt\u00e9raires et autres. Voici quelques suggestions de ressources qui pourraient \u00eatre tr\u00e8s b\u00e9n\u00e9fiques : Biblioth\u00e8que de Ressources Livres sur le d\u00e9veloppement de l&rsquo;enfant et la neurodiversit\u00e9 : \u00ab\u00a0Le cerveau de votre enfant\u00a0\u00bb de Daniel J. Siegel et Tina Payne Bryson. [&hellip;]","og_url":"http:\/\/enfantzatypiques.org\/index.php\/ressources\/","og_site_name":"Les enfantZatypiques","article_modified_time":"2024-07-25T08:16:26+00:00","og_image":[{"url":"http:\/\/enfantzatypiques.org\/wp-content\/uploads\/2024\/07\/bibliotheque.jpg","type":"","width":"","height":""}],"twitter_card":"summary_large_image","twitter_misc":{"Dur\u00e9e de lecture estim\u00e9e":"3 minutes"},"schema":{"@context":"https:\/\/schema.org","@graph":[{"@type":"WebPage","@id":"http:\/\/enfantzatypiques.org\/index.php\/ressources\/","url":"http:\/\/enfantzatypiques.org\/index.php\/ressources\/","name":"Ressources - Les enfantZatypiques","isPartOf":{"@id":"http:\/\/enfantzatypiques.org\/#website"},"primaryImageOfPage":{"@id":"http:\/\/enfantzatypiques.org\/index.php\/ressources\/#primaryimage"},"image":{"@id":"http:\/\/enfantzatypiques.org\/index.php\/ressources\/#primaryimage"},"thumbnailUrl":"http:\/\/enfantzatypiques.org\/wp-content\/uploads\/2024\/07\/bibliotheque.jpg","datePublished":"2024-07-22T16:11:42+00:00","dateModified":"2024-07-25T08:16:26+00:00","breadcrumb":{"@id":"http:\/\/enfantzatypiques.org\/index.php\/ressources\/#breadcrumb"},"inLanguage":"fr-FR","potentialAction":[{"@type":"ReadAction","target":["http:\/\/enfantzatypiques.org\/index.php\/ressources\/"]}]},{"@type":"ImageObject","inLanguage":"fr-FR","@id":"http:\/\/enfantzatypiques.org\/index.php\/ressources\/#primaryimage","url":"http:\/\/enfantzatypiques.org\/wp-content\/uploads\/2024\/07\/bibliotheque.jpg","contentUrl":"http:\/\/enfantzatypiques.org\/wp-content\/uploads\/2024\/07\/bibliotheque.jpg","width":568,"height":781,"caption":"ressources pour parients enfantzatypiques"},{"@type":"BreadcrumbList","@id":"http:\/\/enfantzatypiques.org\/index.php\/ressources\/#breadcrumb","itemListElement":[{"@type":"ListItem","position":1,"name":"Accueil","item":"http:\/\/enfantzatypiques.org\/"},{"@type":"ListItem","position":2,"name":"Ressources"}]},{"@type":"WebSite","@id":"http:\/\/enfantzatypiques.org\/#website","url":"http:\/\/enfantzatypiques.org\/","name":"Les enfantZatypiques","description":"Comment soigner les enfants atypiques ?","publisher":{"@id":"http:\/\/enfantzatypiques.org\/#\/schema\/person\/8c2673b14bbe39f5978d3c9c517dfebd"},"potentialAction":[{"@type":"SearchAction","target":{"@type":"EntryPoint","urlTemplate":"http:\/\/enfantzatypiques.org\/?s={search_term_string}"},"query-input":{"@type":"PropertyValueSpecification","valueRequired":true,"valueName":"search_term_string"}}],"inLanguage":"fr-FR"},{"@type":["Person","Organization"],"@id":"http:\/\/enfantzatypiques.org\/#\/schema\/person\/8c2673b14bbe39f5978d3c9c517dfebd","name":"St\u00e9phanie Fr\u00e9chin","image":{"@type":"ImageObject","inLanguage":"fr-FR","@id":"https:\/\/enfantzatypiques.org\/wp-content\/uploads\/2024\/07\/cropped-logo-stephanie-frechin.jpg","url":"https:\/\/enfantzatypiques.org\/wp-content\/uploads\/2024\/07\/cropped-logo-stephanie-frechin.jpg","contentUrl":"https:\/\/enfantzatypiques.org\/wp-content\/uploads\/2024\/07\/cropped-logo-stephanie-frechin.jpg","width":512,"height":512,"caption":"St\u00e9phanie Fr\u00e9chin"},"logo":{"@id":"https:\/\/enfantzatypiques.org\/wp-content\/uploads\/2024\/07\/cropped-logo-stephanie-frechin.jpg"},"sameAs":["http:\/\/www.enfantzatypiques.com"]}]}},"_links":{"self":[{"href":"http:\/\/enfantzatypiques.org\/index.php\/wp-json\/wp\/v2\/pages\/712","targetHints":{"allow":["GET"]}}],"collection":[{"href":"http:\/\/enfantzatypiques.org\/index.php\/wp-json\/wp\/v2\/pages"}],"about":[{"href":"http:\/\/enfantzatypiques.org\/index.php\/wp-json\/wp\/v2\/types\/page"}],"author":[{"embeddable":true,"href":"http:\/\/enfantzatypiques.org\/index.php\/wp-json\/wp\/v2\/users\/2"}],"replies":[{"embeddable":true,"href":"http:\/\/enfantzatypiques.org\/index.php\/wp-json\/wp\/v2\/comments?post=712"}],"version-history":[{"count":7,"href":"http:\/\/enfantzatypiques.org\/index.php\/wp-json\/wp\/v2\/pages\/712\/revisions"}],"predecessor-version":[{"id":836,"href":"http:\/\/enfantzatypiques.org\/index.php\/wp-json\/wp\/v2\/pages\/712\/revisions\/836"}],"wp:attachment":[{"href":"http:\/\/enfantzatypiques.org\/index.php\/wp-json\/wp\/v2\/media?parent=712"}],"curies":[{"name":"wp","href":"https:\/\/api.w.org\/{rel}","templated":true}]}}